{"id":7300,"date":"2020-11-14T19:25:24","date_gmt":"2020-11-14T18:25:24","guid":{"rendered":"https:\/\/www.francoisburgher.fr\/?page_id=7300"},"modified":"2021-02-19T17:14:40","modified_gmt":"2021-02-19T16:14:40","slug":"sarah-moon-exposition-musee-dart-moderne-de-paris-octobre-2020","status":"publish","type":"page","link":"https:\/\/www.francoisburgher.fr\/fr\/sarah-moon-exposition-musee-dart-moderne-de-paris-octobre-2020\/","title":{"rendered":"Sarah MOON, exposition Mus\u00e9e d&rsquo;Art Moderne de Paris, octobre 2020"},"content":{"rendered":"<div class=\"wpb-content-wrapper\"><p>[vc_row][vc_column width=\u00a0\u00bb1\/2&Prime;][vc_column_text]<span style=\"color: #ccffff;\"><strong>JJJJJJJJJJJJJJ<\/strong><\/span><\/p>\n<p>C&rsquo;est \u00e0 la fois pour m&rsquo;approcher et m&rsquo;\u00e9chapper de la r\u00e9alit\u00e9 qu&rsquo;instinctivement j&rsquo;ai regard\u00e9 \u00e0 travers l&rsquo;objectif d&rsquo;un appareil photographique.<\/p>\n<p><span style=\"color: #ccffcc;\"><em>Il n&rsquo;y a rien de raisonn\u00e9 dans ma d\u00e9marche. Je n&rsquo;en connais que la qu\u00eate incessante. Je ne t\u00e9moigne de rien, je me mets au diapason du temps qui passe et cette aventure avec le r\u00e9el, la photo enfin prise fait exister une fiction en m\u00eame temps qu&rsquo;elle me la r\u00e9v\u00e8le.<\/em><\/span><\/p>\n<p><span style=\"color: #ccffcc;\"><em>Je photographie le privil\u00e8ge, l&rsquo;improbable, la chim\u00e8re, l&rsquo;\u00e9vanescence&#8230;<\/em><\/span><\/p>\n<p><span style=\"color: #ccffcc;\"><em>J&rsquo;invente une histoire qui n&rsquo;existe pas, je cr\u00e9e un lieu ou j&rsquo;en efface un autre, je d\u00e9place la lumi\u00e8re, je d\u00e9r\u00e9alise et j&rsquo;essaie&#8230;\u00a0\u00bb<\/em><\/span><\/p>\n<p><span style=\"color: #ffffff;\">J&rsquo;ai pris librement quelques clich\u00e9s au fil de l&rsquo;exposition en essayant de rendre compte au mieux des oeuvres pr\u00e9sent\u00e9es et des impressions qu\u2019elles d\u00e9gageaient.<\/span><\/p>\n<p><span style=\"color: #ffffff;\">Humble t\u00e9moignage pour un partage virtuel.<\/span><\/p>\n<p><span style=\"color: #ffffff;\">Bonne visite.<\/span><\/p>\n<p style=\"text-align: center;\"><span style=\"color: #ffff00;\"><strong><a style=\"color: #ffff00;\" href=\"https:\/\/www.francoisburgher.fr\/app\/uploads\/2020\/11\/SARAH-MOOM-EXPO-2020-10-PARIS-optimise.pdf\">SARAH MOOM EXPO 2020 10 PARIS (optimis\u00e9)<\/a><\/strong><\/span><\/p>\n<p>[\/vc_column_text][\/vc_column][vc_column width=\u00a0\u00bb1\/2&Prime;][vc_column_text]<a href=\"https:\/\/www.francoisburgher.fr\/app\/uploads\/2020\/11\/IMG_20201008_152850Francois-BURGHER-photo-photography-Photograher-photographe-image-picture-ParisFrancois-BURGHER-photo-photography-Photograher-photographe-image-picture-Paris.jpg\"><img loading=\"lazy\" decoding=\"async\" class=\"aligncenter wp-image-7319 size-wpvolter-portfolio-med\" src=\"https:\/\/www.francoisburgher.fr\/app\/uploads\/2020\/11\/IMG_20201008_152850Francois-BURGHER-photo-photography-Photograher-photographe-image-picture-ParisFrancois-BURGHER-photo-photography-Photograher-photographe-image-picture-Paris-480x480.jpg\" alt=\"\" width=\"480\" height=\"480\" srcset=\"https:\/\/www.francoisburgher.fr\/app\/uploads\/2020\/11\/IMG_20201008_152850Francois-BURGHER-photo-photography-Photograher-photographe-image-picture-ParisFrancois-BURGHER-photo-photography-Photograher-photographe-image-picture-Paris-480x480.jpg 480w, https:\/\/www.francoisburgher.fr\/app\/uploads\/2020\/11\/IMG_20201008_152850Francois-BURGHER-photo-photography-Photograher-photographe-image-picture-ParisFrancois-BURGHER-photo-photography-Photograher-photographe-image-picture-Paris-150x150.jpg 150w\" sizes=\"auto, (max-width: 480px) 100vw, 480px\" \/><\/a>[\/vc_column_text][\/vc_column][\/vc_row]<\/p>\n<\/div>","protected":false},"excerpt":{"rendered":"<p>[vc_row][vc_column width=\u00a0\u00bb1\/2&Prime;][vc_column_text]JJJJJJJJJJJJJJ C&rsquo;est \u00e0 la fois pour m&rsquo;approcher et m&rsquo;\u00e9chapper de la r\u00e9alit\u00e9 qu&rsquo;instinctivement j&rsquo;ai regard\u00e9 \u00e0 travers l&rsquo;objectif d&rsquo;un appareil photographique. Il n&rsquo;y a rien de raisonn\u00e9 dans ma d\u00e9marche. Je n&rsquo;en connais que la qu\u00eate incessante. Je ne t\u00e9moigne de rien, je me mets au diapason du temps qui passe et cette aventure [&hellip;]<\/p>\n","protected":false},"author":2,"featured_media":8111,"parent":0,"menu_order":0,"comment_status":"closed","ping_status":"closed","template":"","meta":{"_acf_changed":false,"footnotes":""},"class_list":["post-7300","page","type-page","status-publish","has-post-thumbnail","hentry"],"acf":[],"yoast_head":"<!-- This site is optimized with the Yoast SEO plugin v27.3 - https:\/\/yoast.com\/product\/yoast-seo-wordpress\/ -->\n<title>Sarah MOON, exposition Mus\u00e9e d&#039;Art Moderne de Paris, octobre 2020 - Fran\u00e7ois Burgher<\/title>\n<meta name=\"robots\" content=\"index, follow, max-snippet:-1, max-image-preview:large, max-video-preview:-1\" \/>\n<link rel=\"canonical\" href=\"https:\/\/www.francoisburgher.fr\/fr\/sarah-moon-exposition-musee-dart-moderne-de-paris-octobre-2020\/\" \/>\n<meta property=\"og:locale\" content=\"fr_FR\" \/>\n<meta property=\"og:type\" content=\"article\" \/>\n<meta property=\"og:title\" content=\"Sarah MOON, exposition Mus\u00e9e d&#039;Art Moderne de Paris, octobre 2020 - Fran\u00e7ois Burgher\" \/>\n<meta property=\"og:description\" content=\"[vc_row][vc_column width=\u00a0\u00bb1\/2&Prime;][vc_column_text]JJJJJJJJJJJJJJ C&rsquo;est \u00e0 la fois pour m&rsquo;approcher et m&rsquo;\u00e9chapper de la r\u00e9alit\u00e9 qu&rsquo;instinctivement j&rsquo;ai regard\u00e9 \u00e0 travers l&rsquo;objectif d&rsquo;un appareil photographique. Il n&rsquo;y a rien de raisonn\u00e9 dans ma d\u00e9marche. Je n&rsquo;en connais que la qu\u00eate incessante. Je ne t\u00e9moigne de rien, je me mets au diapason du temps qui passe et cette aventure [&hellip;]\" \/>\n<meta property=\"og:url\" content=\"https:\/\/www.francoisburgher.fr\/fr\/sarah-moon-exposition-musee-dart-moderne-de-paris-octobre-2020\/\" \/>\n<meta property=\"og:site_name\" content=\"Fran\u00e7ois Burgher\" \/>\n<meta property=\"article:modified_time\" content=\"2021-02-19T16:14:40+00:00\" \/>\n<meta property=\"og:image\" content=\"https:\/\/www.francoisburgher.fr\/app\/uploads\/2021\/01\/IMG_20201008_152850Francois-BURGHER-photo-photography-Photograher-photographe-image-picture-ParisFrancois-BURGHER-photo-photography-Photograher-photographe-image-picture-Paris-1-e1612115683167.jpg\" \/>\n\t<meta property=\"og:image:width\" content=\"937\" \/>\n\t<meta property=\"og:image:height\" content=\"1156\" \/>\n\t<meta property=\"og:image:type\" content=\"image\/jpeg\" \/>\n<meta name=\"twitter:card\" content=\"summary_large_image\" \/>\n<meta name=\"twitter:label1\" content=\"Est. reading time\" \/>\n\t<meta name=\"twitter:data1\" content=\"1 minute\" \/>\n<script type=\"application\/ld+json\" class=\"yoast-schema-graph\">{\"@context\":\"https:\\\/\\\/schema.org\",\"@graph\":[{\"@type\":\"WebPage\",\"@id\":\"https:\\\/\\\/www.francoisburgher.fr\\\/fr\\\/sarah-moon-exposition-musee-dart-moderne-de-paris-octobre-2020\\\/\",\"url\":\"https:\\\/\\\/www.francoisburgher.fr\\\/fr\\\/sarah-moon-exposition-musee-dart-moderne-de-paris-octobre-2020\\\/\",\"name\":\"Sarah MOON, exposition Mus\u00e9e d'Art Moderne de Paris, octobre 2020 - Fran\u00e7ois Burgher\",\"isPartOf\":{\"@id\":\"https:\\\/\\\/www.francoisburgher.fr\\\/fr\\\/#website\"},\"primaryImageOfPage\":{\"@id\":\"https:\\\/\\\/www.francoisburgher.fr\\\/fr\\\/sarah-moon-exposition-musee-dart-moderne-de-paris-octobre-2020\\\/#primaryimage\"},\"image\":{\"@id\":\"https:\\\/\\\/www.francoisburgher.fr\\\/fr\\\/sarah-moon-exposition-musee-dart-moderne-de-paris-octobre-2020\\\/#primaryimage\"},\"thumbnailUrl\":\"https:\\\/\\\/www.francoisburgher.fr\\\/app\\\/uploads\\\/2021\\\/01\\\/IMG_20201008_152850Francois-BURGHER-photo-photography-Photograher-photographe-image-picture-ParisFrancois-BURGHER-photo-photography-Photograher-photographe-image-picture-Paris-1-e1612115683167.jpg\",\"datePublished\":\"2020-11-14T18:25:24+00:00\",\"dateModified\":\"2021-02-19T16:14:40+00:00\",\"breadcrumb\":{\"@id\":\"https:\\\/\\\/www.francoisburgher.fr\\\/fr\\\/sarah-moon-exposition-musee-dart-moderne-de-paris-octobre-2020\\\/#breadcrumb\"},\"inLanguage\":\"fr-FR\",\"potentialAction\":[{\"@type\":\"ReadAction\",\"target\":[\"https:\\\/\\\/www.francoisburgher.fr\\\/fr\\\/sarah-moon-exposition-musee-dart-moderne-de-paris-octobre-2020\\\/\"]}]},{\"@type\":\"ImageObject\",\"inLanguage\":\"fr-FR\",\"@id\":\"https:\\\/\\\/www.francoisburgher.fr\\\/fr\\\/sarah-moon-exposition-musee-dart-moderne-de-paris-octobre-2020\\\/#primaryimage\",\"url\":\"https:\\\/\\\/www.francoisburgher.fr\\\/app\\\/uploads\\\/2021\\\/01\\\/IMG_20201008_152850Francois-BURGHER-photo-photography-Photograher-photographe-image-picture-ParisFrancois-BURGHER-photo-photography-Photograher-photographe-image-picture-Paris-1-e1612115683167.jpg\",\"contentUrl\":\"https:\\\/\\\/www.francoisburgher.fr\\\/app\\\/uploads\\\/2021\\\/01\\\/IMG_20201008_152850Francois-BURGHER-photo-photography-Photograher-photographe-image-picture-ParisFrancois-BURGHER-photo-photography-Photograher-photographe-image-picture-Paris-1-e1612115683167.jpg\",\"width\":937,\"height\":1156},{\"@type\":\"BreadcrumbList\",\"@id\":\"https:\\\/\\\/www.francoisburgher.fr\\\/fr\\\/sarah-moon-exposition-musee-dart-moderne-de-paris-octobre-2020\\\/#breadcrumb\",\"itemListElement\":[{\"@type\":\"ListItem\",\"position\":1,\"name\":\"Home\",\"item\":\"https:\\\/\\\/www.francoisburgher.fr\\\/fr\\\/\"},{\"@type\":\"ListItem\",\"position\":2,\"name\":\"Sarah MOON, exposition Mus\u00e9e d&rsquo;Art Moderne de Paris, octobre 2020\"}]},{\"@type\":\"WebSite\",\"@id\":\"https:\\\/\\\/www.francoisburgher.fr\\\/fr\\\/#website\",\"url\":\"https:\\\/\\\/www.francoisburgher.fr\\\/fr\\\/\",\"name\":\"Fran\u00e7ois Burgher\",\"description\":\"Un site utilisant WordPress\",\"potentialAction\":[{\"@type\":\"SearchAction\",\"target\":{\"@type\":\"EntryPoint\",\"urlTemplate\":\"https:\\\/\\\/www.francoisburgher.fr\\\/fr\\\/?s={search_term_string}\"},\"query-input\":{\"@type\":\"PropertyValueSpecification\",\"valueRequired\":true,\"valueName\":\"search_term_string\"}}],\"inLanguage\":\"fr-FR\"}]}<\/script>\n<!-- \/ Yoast SEO plugin. -->","yoast_head_json":{"title":"Sarah MOON, exposition Mus\u00e9e d'Art Moderne de Paris, octobre 2020 - Fran\u00e7ois Burgher","robots":{"index":"index","follow":"follow","max-snippet":"max-snippet:-1","max-image-preview":"max-image-preview:large","max-video-preview":"max-video-preview:-1"},"canonical":"https:\/\/www.francoisburgher.fr\/fr\/sarah-moon-exposition-musee-dart-moderne-de-paris-octobre-2020\/","og_locale":"fr_FR","og_type":"article","og_title":"Sarah MOON, exposition Mus\u00e9e d'Art Moderne de Paris, octobre 2020 - Fran\u00e7ois Burgher","og_description":"[vc_row][vc_column width=\u00a0\u00bb1\/2&Prime;][vc_column_text]JJJJJJJJJJJJJJ C&rsquo;est \u00e0 la fois pour m&rsquo;approcher et m&rsquo;\u00e9chapper de la r\u00e9alit\u00e9 qu&rsquo;instinctivement j&rsquo;ai regard\u00e9 \u00e0 travers l&rsquo;objectif d&rsquo;un appareil photographique. Il n&rsquo;y a rien de raisonn\u00e9 dans ma d\u00e9marche. Je n&rsquo;en connais que la qu\u00eate incessante. Je ne t\u00e9moigne de rien, je me mets au diapason du temps qui passe et cette aventure [&hellip;]","og_url":"https:\/\/www.francoisburgher.fr\/fr\/sarah-moon-exposition-musee-dart-moderne-de-paris-octobre-2020\/","og_site_name":"Fran\u00e7ois Burgher","article_modified_time":"2021-02-19T16:14:40+00:00","og_image":[{"width":937,"height":1156,"url":"https:\/\/www.francoisburgher.fr\/app\/uploads\/2021\/01\/IMG_20201008_152850Francois-BURGHER-photo-photography-Photograher-photographe-image-picture-ParisFrancois-BURGHER-photo-photography-Photograher-photographe-image-picture-Paris-1-e1612115683167.jpg","type":"image\/jpeg"}],"twitter_card":"summary_large_image","twitter_misc":{"Est. reading time":"1 minute"},"schema":{"@context":"https:\/\/schema.org","@graph":[{"@type":"WebPage","@id":"https:\/\/www.francoisburgher.fr\/fr\/sarah-moon-exposition-musee-dart-moderne-de-paris-octobre-2020\/","url":"https:\/\/www.francoisburgher.fr\/fr\/sarah-moon-exposition-musee-dart-moderne-de-paris-octobre-2020\/","name":"Sarah MOON, exposition Mus\u00e9e d'Art Moderne de Paris, octobre 2020 - Fran\u00e7ois Burgher","isPartOf":{"@id":"https:\/\/www.francoisburgher.fr\/fr\/#website"},"primaryImageOfPage":{"@id":"https:\/\/www.francoisburgher.fr\/fr\/sarah-moon-exposition-musee-dart-moderne-de-paris-octobre-2020\/#primaryimage"},"image":{"@id":"https:\/\/www.francoisburgher.fr\/fr\/sarah-moon-exposition-musee-dart-moderne-de-paris-octobre-2020\/#primaryimage"},"thumbnailUrl":"https:\/\/www.francoisburgher.fr\/app\/uploads\/2021\/01\/IMG_20201008_152850Francois-BURGHER-photo-photography-Photograher-photographe-image-picture-ParisFrancois-BURGHER-photo-photography-Photograher-photographe-image-picture-Paris-1-e1612115683167.jpg","datePublished":"2020-11-14T18:25:24+00:00","dateModified":"2021-02-19T16:14:40+00:00","breadcrumb":{"@id":"https:\/\/www.francoisburgher.fr\/fr\/sarah-moon-exposition-musee-dart-moderne-de-paris-octobre-2020\/#breadcrumb"},"inLanguage":"fr-FR","potentialAction":[{"@type":"ReadAction","target":["https:\/\/www.francoisburgher.fr\/fr\/sarah-moon-exposition-musee-dart-moderne-de-paris-octobre-2020\/"]}]},{"@type":"ImageObject","inLanguage":"fr-FR","@id":"https:\/\/www.francoisburgher.fr\/fr\/sarah-moon-exposition-musee-dart-moderne-de-paris-octobre-2020\/#primaryimage","url":"https:\/\/www.francoisburgher.fr\/app\/uploads\/2021\/01\/IMG_20201008_152850Francois-BURGHER-photo-photography-Photograher-photographe-image-picture-ParisFrancois-BURGHER-photo-photography-Photograher-photographe-image-picture-Paris-1-e1612115683167.jpg","contentUrl":"https:\/\/www.francoisburgher.fr\/app\/uploads\/2021\/01\/IMG_20201008_152850Francois-BURGHER-photo-photography-Photograher-photographe-image-picture-ParisFrancois-BURGHER-photo-photography-Photograher-photographe-image-picture-Paris-1-e1612115683167.jpg","width":937,"height":1156},{"@type":"BreadcrumbList","@id":"https:\/\/www.francoisburgher.fr\/fr\/sarah-moon-exposition-musee-dart-moderne-de-paris-octobre-2020\/#breadcrumb","itemListElement":[{"@type":"ListItem","position":1,"name":"Home","item":"https:\/\/www.francoisburgher.fr\/fr\/"},{"@type":"ListItem","position":2,"name":"Sarah MOON, exposition Mus\u00e9e d&rsquo;Art Moderne de Paris, octobre 2020"}]},{"@type":"WebSite","@id":"https:\/\/www.francoisburgher.fr\/fr\/#website","url":"https:\/\/www.francoisburgher.fr\/fr\/","name":"Fran\u00e7ois Burgher","description":"Un site utilisant WordPress","potentialAction":[{"@type":"SearchAction","target":{"@type":"EntryPoint","urlTemplate":"https:\/\/www.francoisburgher.fr\/fr\/?s={search_term_string}"},"query-input":{"@type":"PropertyValueSpecification","valueRequired":true,"valueName":"search_term_string"}}],"inLanguage":"fr-FR"}]}},"_links":{"self":[{"href":"https:\/\/www.francoisburgher.fr\/fr\/wp-json\/wp\/v2\/pages\/7300","targetHints":{"allow":["GET"]}}],"collection":[{"href":"https:\/\/www.francoisburgher.fr\/fr\/wp-json\/wp\/v2\/pages"}],"about":[{"href":"https:\/\/www.francoisburgher.fr\/fr\/wp-json\/wp\/v2\/types\/page"}],"author":[{"embeddable":true,"href":"https:\/\/www.francoisburgher.fr\/fr\/wp-json\/wp\/v2\/users\/2"}],"replies":[{"embeddable":true,"href":"https:\/\/www.francoisburgher.fr\/fr\/wp-json\/wp\/v2\/comments?post=7300"}],"version-history":[{"count":5,"href":"https:\/\/www.francoisburgher.fr\/fr\/wp-json\/wp\/v2\/pages\/7300\/revisions"}],"predecessor-version":[{"id":9942,"href":"https:\/\/www.francoisburgher.fr\/fr\/wp-json\/wp\/v2\/pages\/7300\/revisions\/9942"}],"wp:featuredmedia":[{"embeddable":true,"href":"https:\/\/www.francoisburgher.fr\/fr\/wp-json\/wp\/v2\/media\/8111"}],"wp:attachment":[{"href":"https:\/\/www.francoisburgher.fr\/fr\/wp-json\/wp\/v2\/media?parent=7300"}],"curies":[{"name":"wp","href":"https:\/\/api.w.org\/{rel}","templated":true}]}}