{"id":1133,"date":"2019-06-21T18:36:34","date_gmt":"2019-06-21T16:36:34","guid":{"rendered":"https:\/\/www.francoisburgher.fr\/?page_id=1133"},"modified":"2021-02-14T11:39:24","modified_gmt":"2021-02-14T10:39:24","slug":"bouquins","status":"publish","type":"page","link":"https:\/\/www.francoisburgher.fr\/fr\/bouquins\/","title":{"rendered":"Bouquins"},"content":{"rendered":"<div class=\"wpb-content-wrapper\"><p>[vc_row css=\u00a0\u00bb.vc_custom_1609848806955{padding-top: 100px !important;padding-bottom: 50px !important;}\u00a0\u00bb][vc_column][vc_column_text]<\/p>\n<h1 style=\"text-align: center;\">Bouquins<\/h1>\n<p>[\/vc_column_text][\/vc_column][\/vc_row][vc_row][vc_column][vc_column_text]<\/p>\n<div><span style=\"color: #000000;\">\u00a0A noter que l\u2019ensemble des livres publi\u00e9s se pr\u00e9sente dans un ordre al\u00e9atoire \u00e0 l\u2019ouverture de la rubrique \u00ab \u00a0bouquins \u00bb pour favoriser le hasard d&rsquo;une d\u00e9couverte diff\u00e9rente \u00e0 chaque visite.\u00a0<\/span><span style=\"color: #000000;\">L\u2019ascenseur sur la droite de l\u2019\u00e9cran permet de parcourir l\u2019ensemble de la collection.<\/span><\/div>\n<p>Pour des raisons techniques, les fichiers pdf pr\u00e9sent\u00e9s ici ne sont qu&rsquo;un reflet imparfait de la qualit\u00e9 des images imprim\u00e9s dans les ouvrages.<\/p>\n<p>La plupart des livres peuvent \u00eatre r\u00e9imprim\u00e9s sur demande. Aller dans l&rsquo;onglet Contact du site.[\/vc_column_text][vc_column_text]<div class=\"container\"><div class=\"row\"><div class=\"col col-xs-12\"><div class=\"d-flex flex-row mb-5 book-item\"><div id=\"islande\"><\/div><div class=\"align-self-center col-xs-12 col-md-3 book-thumbnail\"><a href=\"https:\/\/www.francoisburgher.fr\/app\/uploads\/2021\/02\/ISLAND-20192PPF-optimise.pdf\" target=\"_blank\"><img loading=\"lazy\" decoding=\"async\" width=\"480\" height=\"320\" src=\"https:\/\/www.francoisburgher.fr\/app\/uploads\/2020\/11\/Capture-decran-2020-11-15-a-21.31.34-480x320.jpeg\" class=\"attachment-francoisburgher-portfolio-med size-francoisburgher-portfolio-med wp-post-image\" alt=\"\" \/><\/a><\/div><div class=\" pl-4 col-xs-12 col-md-9 book-content\"><h3 class=\"book-title\"><a href=\"https:\/\/www.francoisburgher.fr\/app\/uploads\/2021\/02\/ISLAND-20192PPF-optimise.pdf\" target=\"_blank\">Islande<\/a><\/h3>Premier contact avec l'Islande pour un voyage itin\u00e9rant le long des cotes sud et est ce cette grande \u00eele. Capitale au parfum intimiste, grande nature presque vierge, habitat parsem\u00e9, omnipr\u00e9sence de la mer et d'une min\u00e9ralit\u00e9 somptueuse et \"sulfureuse\", par endroits, bien arros\u00e9e...\r\n\r\nReste \u00e0 compl\u00e9ter le tour une autre fois et surtout, \u00e0 la saison propice, \u00e0 entrer au profond des massifs volcaniques du centre. Un autre voyage !<p><a href=\"https:\/\/www.francoisburgher.fr\/fr\/wp-json\/wp\/v2\/pages\/1133\/#islande\" target=\"_blank\">Copier le lien<\/a><\/p><\/div><\/div><div class=\"d-flex flex-row mb-5 book-item\"><div id=\"chaussures-japonnaises\"><\/div><div class=\"align-self-center col-xs-12 col-md-3 book-thumbnail\"><a href=\"https:\/\/www.francoisburgher.fr\/app\/uploads\/2021\/02\/JAPANESS-SHOE-COLLECTION-version-courte2PPF-optimise.pdf\" target=\"_blank\"><img loading=\"lazy\" decoding=\"async\" width=\"480\" height=\"320\" src=\"https:\/\/www.francoisburgher.fr\/app\/uploads\/2020\/11\/Capture-decran-2020-11-15-a-21.35.15-480x320.jpeg\" class=\"attachment-francoisburgher-portfolio-med size-francoisburgher-portfolio-med wp-post-image\" alt=\"\" \/><\/a><\/div><div class=\" pl-4 col-xs-12 col-md-9 book-content\"><h3 class=\"book-title\"><a href=\"https:\/\/www.francoisburgher.fr\/app\/uploads\/2021\/02\/JAPANESS-SHOE-COLLECTION-version-courte2PPF-optimise.pdf\" target=\"_blank\">Chaussures japonnaises<\/a><\/h3>Les chaussures port\u00e9es au Japon ne ressemblent \u00e0 nulles autres pareilles ! Lors de mes voyages, j'ai collectionn\u00e9 des images de pieds chauss\u00e9s de tous \u00e2ges, de tout sexe et en toute circonstances pour illustrer cette composante parmi tant d'autres sujets sp\u00e9cifiques \u00e0 la culture de ce pays.<p><a href=\"https:\/\/www.francoisburgher.fr\/fr\/wp-json\/wp\/v2\/pages\/1133\/#chaussures-japonnaises\" target=\"_blank\">Copier le lien<\/a><\/p><\/div><\/div><div class=\"d-flex flex-row mb-5 book-item\"><div id=\"le-long-de-la-cote-ouest-de-madagascar-en-2009\"><\/div><div class=\"align-self-center col-xs-12 col-md-3 book-thumbnail\"><a href=\"https:\/\/www.francoisburgher.fr\/app\/uploads\/2021\/02\/MADA-2019-OUEST2PPF-optimise.pdf\" target=\"_blank\"><img loading=\"lazy\" decoding=\"async\" width=\"480\" height=\"320\" src=\"https:\/\/www.francoisburgher.fr\/app\/uploads\/2020\/12\/Capture-decran-2020-10-27-a-16.13.15-480x320.jpeg\" class=\"attachment-francoisburgher-portfolio-med size-francoisburgher-portfolio-med wp-post-image\" alt=\"\" \/><\/a><\/div><div class=\" pl-4 col-xs-12 col-md-9 book-content\"><h3 class=\"book-title\"><a href=\"https:\/\/www.francoisburgher.fr\/app\/uploads\/2021\/02\/MADA-2019-OUEST2PPF-optimise.pdf\" target=\"_blank\">Le long de la c\u00f4te ouest de Madagascar en 2009<\/a><\/h3>Humains et animaux, par mer et par terre, dans leur intimit\u00e9 et leur singularit\u00e9...<p><a href=\"https:\/\/www.francoisburgher.fr\/fr\/wp-json\/wp\/v2\/pages\/1133\/#le-long-de-la-cote-ouest-de-madagascar-en-2009\" target=\"_blank\">Copier le lien<\/a><\/p><\/div><\/div><div class=\"d-flex flex-row mb-5 book-item\"><div id=\"en-norvege-pour-la-fete-nationale-2017\"><\/div><div class=\"align-self-center col-xs-12 col-md-3 book-thumbnail\"><a href=\"https:\/\/www.francoisburgher.fr\/app\/uploads\/2021\/02\/NORWAY-20172PPF-optimise.pdf\" target=\"_blank\"><img loading=\"lazy\" decoding=\"async\" width=\"480\" height=\"320\" src=\"https:\/\/www.francoisburgher.fr\/app\/uploads\/2020\/12\/Capture-decran-2020-10-10-a-22.10.08-480x320.jpeg\" class=\"attachment-francoisburgher-portfolio-med size-francoisburgher-portfolio-med wp-post-image\" alt=\"\" \/><\/a><\/div><div class=\" pl-4 col-xs-12 col-md-9 book-content\"><h3 class=\"book-title\"><a href=\"https:\/\/www.francoisburgher.fr\/app\/uploads\/2021\/02\/NORWAY-20172PPF-optimise.pdf\" target=\"_blank\">En Norv\u00e8ge pour la f\u00eate nationale (2017)<\/a><\/h3>Le 17 mai, en Norv\u00e8ge, c'est la f\u00eate nationale. Entre Mandal, tout au sud, la station de Bortelid dans le Vest Agder et Oslo avec son op\u00e9ra futuriste et le parc Vigeland avec ses sculptures en plein air. Cerisiers en fleur le long des fjords et,\u00a0en ce printemps, d\u00e9j\u00e0, encore et toujours, partout cette luminosit\u00e9 du soleil unique et envoutante...<p><a href=\"https:\/\/www.francoisburgher.fr\/fr\/wp-json\/wp\/v2\/pages\/1133\/#en-norvege-pour-la-fete-nationale-2017\" target=\"_blank\">Copier le lien<\/a><\/p><\/div><\/div><div class=\"d-flex flex-row mb-5 book-item\"><div id=\"a-paris-en-2011\"><\/div><div class=\"align-self-center col-xs-12 col-md-3 book-thumbnail\"><a href=\"https:\/\/www.francoisburgher.fr\/app\/uploads\/2021\/02\/Paris-100-20112PPF-optimise.pdf\" target=\"_blank\"><img loading=\"lazy\" decoding=\"async\" width=\"480\" height=\"320\" src=\"https:\/\/www.francoisburgher.fr\/app\/uploads\/2020\/12\/Capture-decran-2020-10-10-a-16.16.45-480x320.jpeg\" class=\"attachment-francoisburgher-portfolio-med size-francoisburgher-portfolio-med wp-post-image\" alt=\"\" \/><\/a><\/div><div class=\" pl-4 col-xs-12 col-md-9 book-content\"><h3 class=\"book-title\"><a href=\"https:\/\/www.francoisburgher.fr\/app\/uploads\/2021\/02\/Paris-100-20112PPF-optimise.pdf\" target=\"_blank\">A Paris en 2011<\/a><\/h3>Libre fantaisie photographique, sans th\u00e8me particulier.\r\nImages \"cueillies\" au hasard des pas. Juxtaposition d'impressions visuelles, de d\u00e9tails architecturaux, instantan\u00e9s de la vie courante dans les lieux de culture, les parcs, les bistrots ou le long des quais...\r\n\r\nLe Paris de tout les jours, le Paris o\u00f9 j'aime vivre !<p><a href=\"https:\/\/www.francoisburgher.fr\/fr\/wp-json\/wp\/v2\/pages\/1133\/#a-paris-en-2011\" target=\"_blank\">Copier le lien<\/a><\/p><\/div><\/div><div class=\"d-flex flex-row mb-5 book-item\"><div id=\"en-namibie-en-2016\"><\/div><div class=\"align-self-center col-xs-12 col-md-3 book-thumbnail\"><a href=\"https:\/\/www.francoisburgher.fr\/app\/uploads\/2021\/02\/NAMIBIA-20162PPF-optimise.pdf\" target=\"_blank\"><img loading=\"lazy\" decoding=\"async\" width=\"480\" height=\"320\" src=\"https:\/\/www.francoisburgher.fr\/app\/uploads\/2020\/12\/Capture-decran-2020-10-13-a-15.55.28-480x320.jpeg\" class=\"attachment-francoisburgher-portfolio-med size-francoisburgher-portfolio-med wp-post-image\" alt=\"\" \/><\/a><\/div><div class=\" pl-4 col-xs-12 col-md-9 book-content\"><h3 class=\"book-title\"><a href=\"https:\/\/www.francoisburgher.fr\/app\/uploads\/2021\/02\/NAMIBIA-20162PPF-optimise.pdf\" target=\"_blank\">En Namibie en 2016<\/a><\/h3>Paysages min\u00e9raux presque infinis. Les gigantesques dunes rouges de Sossouslvei au petit matin et le lac mort violemment insol\u00e9. Orages grandioses, Fisch River canyons en crue, \u00a0Parc National d'Etosha : des plus gros animaux aux plus petits... La Namibie brillant de tous ces feux !<p><a href=\"https:\/\/www.francoisburgher.fr\/fr\/wp-json\/wp\/v2\/pages\/1133\/#en-namibie-en-2016\" target=\"_blank\">Copier le lien<\/a><\/p><\/div><\/div><div class=\"d-flex flex-row mb-5 book-item\"><div id=\"les-cents-pas-a-sienne-italie\"><\/div><div class=\"align-self-center col-xs-12 col-md-3 book-thumbnail\"><a href=\"https:\/\/www.francoisburgher.fr\/app\/uploads\/2021\/02\/CENTO-PASSIA-SIENNA-2018-2PPFoptimise.pdf\" target=\"_blank\"><img loading=\"lazy\" decoding=\"async\" width=\"480\" height=\"320\" src=\"https:\/\/www.francoisburgher.fr\/app\/uploads\/2020\/11\/Capture-decran-2020-11-15-a-21.15.21-480x320.jpeg\" class=\"attachment-francoisburgher-portfolio-med size-francoisburgher-portfolio-med wp-post-image\" alt=\"\" \/><\/a><\/div><div class=\" pl-4 col-xs-12 col-md-9 book-content\"><h3 class=\"book-title\"><a href=\"https:\/\/www.francoisburgher.fr\/app\/uploads\/2021\/02\/CENTO-PASSIA-SIENNA-2018-2PPFoptimise.pdf\" target=\"_blank\">Les cents \u00ab\u00a0pas\u00a0\u00bb \u00e0 Sienne, Italie<\/a><\/h3>Chaque pays sa mode et son style, particuli\u00e8rement en Italie ! A la terrasse d'un caf\u00e9 de Sienne, capture \"au hasard\" des images des chaussures des passants, italiens ou \u00e9trangers, locaux ou touristes, donnant un large \u00e9ventail des styles et des tendances de cet accessoire de mode, ce jour l\u00e0 dans cette ville l\u00e0...<p><a href=\"https:\/\/www.francoisburgher.fr\/fr\/wp-json\/wp\/v2\/pages\/1133\/#les-cents-pas-a-sienne-italie\" target=\"_blank\">Copier le lien<\/a><\/p><\/div><\/div><div class=\"d-flex flex-row mb-5 book-item\"><div id=\"en-namibie-en-2012-2-2\"><\/div><div class=\"align-self-center col-xs-12 col-md-3 book-thumbnail\"><a href=\"https:\/\/www.francoisburgher.fr\/app\/uploads\/2021\/02\/NAMIBIA-2012-22PPF-optimise.pdf\" target=\"_blank\"><img loading=\"lazy\" decoding=\"async\" width=\"480\" height=\"320\" src=\"https:\/\/www.francoisburgher.fr\/app\/uploads\/2020\/12\/Capture-decran-2020-03-16-a-11.25.23-480x320.jpg\" class=\"attachment-francoisburgher-portfolio-med size-francoisburgher-portfolio-med wp-post-image\" alt=\"\" \/><\/a><\/div><div class=\" pl-4 col-xs-12 col-md-9 book-content\"><h3 class=\"book-title\"><a href=\"https:\/\/www.francoisburgher.fr\/app\/uploads\/2021\/02\/NAMIBIA-2012-22PPF-optimise.pdf\" target=\"_blank\">En Namibie en 2012 (2\/2)<\/a><\/h3>Dunes rouges, lac mort et orgues basaltiques de Sossouslvei, portraits chez les Himbas, gravures rupestres de Twyfelfontein, \u00e9l\u00e9phants du d\u00e9sert dans la vall\u00e9e d'Hoanib, l\u00e9opard, autruches, girafes, oryx...\r\n\r\n&nbsp;<p><a href=\"https:\/\/www.francoisburgher.fr\/fr\/wp-json\/wp\/v2\/pages\/1133\/#en-namibie-en-2012-2-2\" target=\"_blank\">Copier le lien<\/a><\/p><\/div><\/div><div class=\"d-flex flex-row mb-5 book-item\"><div id=\"au-japon-en-2012\"><\/div><div class=\"align-self-center col-xs-12 col-md-3 book-thumbnail\"><a href=\"https:\/\/www.francoisburgher.fr\/app\/uploads\/2021\/02\/JAPAN-20122PPF-optimise.pdf\" target=\"_blank\"><img loading=\"lazy\" decoding=\"async\" width=\"480\" height=\"320\" src=\"https:\/\/www.francoisburgher.fr\/app\/uploads\/2020\/12\/IMG_20201221_1056232500-70-web-CO21-Francois-BURGHER-photos-images-Paris-photographe-photographer-480x320.jpg\" class=\"attachment-francoisburgher-portfolio-med size-francoisburgher-portfolio-med wp-post-image\" alt=\"\" \/><\/a><\/div><div class=\" pl-4 col-xs-12 col-md-9 book-content\"><h3 class=\"book-title\"><a href=\"https:\/\/www.francoisburgher.fr\/app\/uploads\/2021\/02\/JAPAN-20122PPF-optimise.pdf\" target=\"_blank\">Au Japon en 2012<\/a><\/h3>Le printemps \u00e0 Tokyo, f\u00eate des cerisiers en fleurs. D\u00e9tails de la vie courante \u00e0 Kyoto, \u00e0 Myajima : kimonos, geisha, temples, pr\u00eatres et esth\u00e9tique religieuse. Boire et manger au quotidien...<p><a href=\"https:\/\/www.francoisburgher.fr\/fr\/wp-json\/wp\/v2\/pages\/1133\/#au-japon-en-2012\" target=\"_blank\">Copier le lien<\/a><\/p><\/div><\/div><div class=\"d-flex flex-row mb-5 book-item\"><div id=\"un-esthete-a-san-francisco\"><\/div><div class=\"align-self-center col-xs-12 col-md-3 book-thumbnail\"><a href=\"https:\/\/www.francoisburgher.fr\/app\/uploads\/2021\/02\/HOWARD-2010-SF-AESTHETE2PPF-optimise.pdf\" target=\"_blank\"><img loading=\"lazy\" decoding=\"async\" width=\"480\" height=\"320\" src=\"https:\/\/www.francoisburgher.fr\/app\/uploads\/2020\/12\/Capture-decran-2020-12-24-a-10.33.39-480x320.jpeg\" class=\"attachment-francoisburgher-portfolio-med size-francoisburgher-portfolio-med wp-post-image\" alt=\"\" \/><\/a><\/div><div class=\" pl-4 col-xs-12 col-md-9 book-content\"><h3 class=\"book-title\"><a href=\"https:\/\/www.francoisburgher.fr\/app\/uploads\/2021\/02\/HOWARD-2010-SF-AESTHETE2PPF-optimise.pdf\" target=\"_blank\">Un esth\u00e8te \u00e0 San Francisco<\/a><\/h3>Habiter \u00e0 San Francisco, au milieu d'oeuvres d'art contemporain, tout simplement !<p><a href=\"https:\/\/www.francoisburgher.fr\/fr\/wp-json\/wp\/v2\/pages\/1133\/#un-esthete-a-san-francisco\" target=\"_blank\">Copier le lien<\/a><\/p><\/div><\/div><div class=\"d-flex flex-row mb-5 book-item\"><div id=\"mon-soixantieme-anniversaire-en-arles-france\"><\/div><div class=\"align-self-center col-xs-12 col-md-3 book-thumbnail\"><a href=\"https:\/\/www.francoisburgher.fr\/app\/uploads\/2021\/02\/ARLES-60TH-BIRTHDAY2PPF-optimise.pdf\" target=\"_blank\"><img loading=\"lazy\" decoding=\"async\" width=\"480\" height=\"320\" src=\"https:\/\/www.francoisburgher.fr\/app\/uploads\/2020\/11\/Capture-decran-2020-11-15-a-21.14.07-480x320.jpeg\" class=\"attachment-francoisburgher-portfolio-med size-francoisburgher-portfolio-med wp-post-image\" alt=\"\" \/><\/a><\/div><div class=\" pl-4 col-xs-12 col-md-9 book-content\"><h3 class=\"book-title\"><a href=\"https:\/\/www.francoisburgher.fr\/app\/uploads\/2021\/02\/ARLES-60TH-BIRTHDAY2PPF-optimise.pdf\" target=\"_blank\">Mon soixanti\u00e8me anniversaire en Arles, France<\/a><\/h3>En 2010, pour mon soixanti\u00e8me anniversaire j'ai \u00e9t\u00e9 invit\u00e9 par mon amie Mich\u00e8le, aux Festival photographique d'Arles, manifestation internationale, un peu l'\u00e9quivalent du festival de Cannes pour le cin\u00e9ma...\r\n\r\nDans les murs et hors les murs, j'ai laiss\u00e9 s'exprimer ma fantaisie photographique dans une ambiance festive et d\u00e9tendue. Quel beau cadeaux !<p><a href=\"https:\/\/www.francoisburgher.fr\/fr\/wp-json\/wp\/v2\/pages\/1133\/#mon-soixantieme-anniversaire-en-arles-france\" target=\"_blank\">Copier le lien<\/a><\/p><\/div><\/div><div class=\"d-flex flex-row mb-5 book-item\"><div id=\"paysage-de-campagne-sous-la-pluie\"><\/div><div class=\"align-self-center col-xs-12 col-md-3 book-thumbnail\"><a href=\"https:\/\/www.francoisburgher.fr\/app\/uploads\/2021\/02\/PLUIE-ALBUM-CAMPAGNE4-2PPF-optimise.pdf\" target=\"_blank\"><img loading=\"lazy\" decoding=\"async\" width=\"480\" height=\"320\" src=\"https:\/\/www.francoisburgher.fr\/app\/uploads\/2021\/02\/IMG_20200804_114754-Francois-BURGHER-photos-images-Paris-photographe-photographer-480x320.jpg\" class=\"attachment-francoisburgher-portfolio-med size-francoisburgher-portfolio-med wp-post-image\" alt=\"\" \/><\/a><\/div><div class=\" pl-4 col-xs-12 col-md-9 book-content\"><h3 class=\"book-title\"><a href=\"https:\/\/www.francoisburgher.fr\/app\/uploads\/2021\/02\/PLUIE-ALBUM-CAMPAGNE4-2PPF-optimise.pdf\" target=\"_blank\">Paysage de campagne sous la pluie<\/a><\/h3>Il pleut tr\u00e8s fort. Impossible de sortir de la voiture ! Les projets sont \"\u00e0 l'eau\". Mais, l'inspiration refait surface et passe \"entre les gouttes\" du pare-brise.<p><a href=\"https:\/\/www.francoisburgher.fr\/fr\/wp-json\/wp\/v2\/pages\/1133\/#paysage-de-campagne-sous-la-pluie\" target=\"_blank\">Copier le lien<\/a><\/p><\/div><\/div><div class=\"d-flex flex-row mb-5 book-item\"><div id=\"en-roumanie-en-2019\"><\/div><div class=\"align-self-center col-xs-12 col-md-3 book-thumbnail\"><a href=\"https:\/\/www.francoisburgher.fr\/app\/uploads\/2021\/02\/ROMANIA-2019-optimise.pdf\" target=\"_blank\"><img loading=\"lazy\" decoding=\"async\" width=\"480\" height=\"320\" src=\"https:\/\/www.francoisburgher.fr\/app\/uploads\/2020\/12\/Capture-decran-2020-10-14-a-17.16.04-480x320.jpeg\" class=\"attachment-francoisburgher-portfolio-med size-francoisburgher-portfolio-med wp-post-image\" alt=\"\" \/><\/a><\/div><div class=\" pl-4 col-xs-12 col-md-9 book-content\"><h3 class=\"book-title\"><a href=\"https:\/\/www.francoisburgher.fr\/app\/uploads\/2021\/02\/ROMANIA-2019-optimise.pdf\" target=\"_blank\">En Roumanie en 2019<\/a><\/h3>Des traditions profondes, des campagnes encore tr\u00e8s authentiques, un art religieux de renom, de belles rencontres et une nouvelle amiti\u00e9 photographique.\r\n\r\nLa Roumanie m\u00e9rite que l'on prenne sont temps pour go\u00fbter ses cultures juxtapos\u00e9es et approcher la vie quotidienne dans la simplicit\u00e9 de ses terres rurales et le sauvage de ses r\u00e9gions montagneuses.<p><a href=\"https:\/\/www.francoisburgher.fr\/fr\/wp-json\/wp\/v2\/pages\/1133\/#en-roumanie-en-2019\" target=\"_blank\">Copier le lien<\/a><\/p><\/div><\/div><div class=\"d-flex flex-row mb-5 book-item\"><div id=\"famille-miro-de-motovun-en-croatie-la-passion-et-lexcellence-dans-lart-de-la-truffe\"><\/div><div class=\"align-self-center col-xs-12 col-md-3 book-thumbnail\"><a href=\"https:\/\/www.francoisburgher.fr\/app\/uploads\/2021\/02\/Miro-tartufi-20202PPF-optimise.pdf\" target=\"_blank\"><img loading=\"lazy\" decoding=\"async\" width=\"480\" height=\"320\" src=\"https:\/\/www.francoisburgher.fr\/app\/uploads\/2020\/12\/Capture-decran-2020-12-17-a-16.58.07-480x320.jpeg\" class=\"attachment-francoisburgher-portfolio-med size-francoisburgher-portfolio-med wp-post-image\" alt=\"\" \/><\/a><\/div><div class=\" pl-4 col-xs-12 col-md-9 book-content\"><h3 class=\"book-title\"><a href=\"https:\/\/www.francoisburgher.fr\/app\/uploads\/2021\/02\/Miro-tartufi-20202PPF-optimise.pdf\" target=\"_blank\">Famille Miro de Motovun en Croatie : la passion et l&rsquo;excellence dans l&rsquo;art de la truffe<\/a><\/h3>Au coeur de l'Istrie, la famille Miro vit de la truffe et en cultive l'excellence. Quelques images pour illustrer la r\u00e9alisation d'une somptueuse omelette... aux truffes toutes fra\u00eeches du matin.<p><a href=\"https:\/\/www.francoisburgher.fr\/fr\/wp-json\/wp\/v2\/pages\/1133\/#famille-miro-de-motovun-en-croatie-la-passion-et-lexcellence-dans-lart-de-la-truffe\" target=\"_blank\">Copier le lien<\/a><\/p><\/div><\/div><div class=\"d-flex flex-row mb-5 book-item\"><div id=\"jeu-de-mains\"><\/div><div class=\"align-self-center col-xs-12 col-md-3 book-thumbnail\"><a href=\"https:\/\/www.francoisburgher.fr\/app\/uploads\/2021\/02\/JEU-DE-MAINS2PPF-optimise.pdf\" target=\"_blank\"><img loading=\"lazy\" decoding=\"async\" width=\"480\" height=\"320\" src=\"https:\/\/www.francoisburgher.fr\/app\/uploads\/2020\/11\/Capture-decran-2020-11-15-a-21.36.03-480x320.jpeg\" class=\"attachment-francoisburgher-portfolio-med size-francoisburgher-portfolio-med wp-post-image\" alt=\"\" \/><\/a><\/div><div class=\" pl-4 col-xs-12 col-md-9 book-content\"><h3 class=\"book-title\"><a href=\"https:\/\/www.francoisburgher.fr\/app\/uploads\/2021\/02\/JEU-DE-MAINS2PPF-optimise.pdf\" target=\"_blank\">Jeu de mains<\/a><\/h3>Jeux de mains : fantaisie cr\u00e9ative, jeux d'enfants, gestes professionnels ou rituels...\r\n\r\nUne compilation d'images glan\u00e9es aux quatre coins du monde !<p><a href=\"https:\/\/www.francoisburgher.fr\/fr\/wp-json\/wp\/v2\/pages\/1133\/#jeu-de-mains\" target=\"_blank\">Copier le lien<\/a><\/p><\/div><\/div><div class=\"d-flex flex-row mb-5 book-item\"><div id=\"luce-slovenie-restauration-dun-patrimoine-montagnard\"><\/div><div class=\"align-self-center col-xs-12 col-md-3 book-thumbnail\"><a href=\"https:\/\/www.francoisburgher.fr\/app\/uploads\/2021\/02\/Luce-Mountains-Heritage2PPF-optimise.pdf\" target=\"_blank\"><img loading=\"lazy\" decoding=\"async\" width=\"480\" height=\"320\" src=\"https:\/\/www.francoisburgher.fr\/app\/uploads\/2020\/12\/Capture-decran-2020-12-17-a-16.49.52-480x320.jpeg\" class=\"attachment-francoisburgher-portfolio-med size-francoisburgher-portfolio-med wp-post-image\" alt=\"\" \/><\/a><\/div><div class=\" pl-4 col-xs-12 col-md-9 book-content\"><h3 class=\"book-title\"><a href=\"https:\/\/www.francoisburgher.fr\/app\/uploads\/2021\/02\/Luce-Mountains-Heritage2PPF-optimise.pdf\" target=\"_blank\">Luce, Slov\u00e9nie : restauration d&rsquo;un patrimoine montagnard<\/a><\/h3>Au coeur de la Slov\u00e9nie, une famille de Luce, les Kramer, sauvegarde et restaure depuis des ann\u00e9es l'h\u00e9ritage montagnard de leur vall\u00e9e. Vieux b\u00e2timents, anciennes machines, outils d'\u00e9poque et m\u00e9tiers de jadis sont patiemment rassembl\u00e9es et pr\u00e9sent\u00e9s dans un \u00e9comus\u00e9e pr\u00e8s du centre du village.\r\n\r\nVoyageur photographe qui passait par l\u00e0, j'ai souhait\u00e9 t\u00e9moigner de leur engagement et de tout le travail qu'ils ont d\u00e9j\u00e0 accompli au service de leur patrimoine local.<p><a href=\"https:\/\/www.francoisburgher.fr\/fr\/wp-json\/wp\/v2\/pages\/1133\/#luce-slovenie-restauration-dun-patrimoine-montagnard\" target=\"_blank\">Copier le lien<\/a><\/p><\/div><\/div><div class=\"d-flex flex-row mb-5 book-item\"><div id=\"italie-2015\"><\/div><div class=\"align-self-center col-xs-12 col-md-3 book-thumbnail\"><a href=\"https:\/\/www.francoisburgher.fr\/app\/uploads\/2021\/02\/ITALIA-20152PPF-optimise.pdf\" target=\"_blank\"><img loading=\"lazy\" decoding=\"async\" width=\"480\" height=\"320\" src=\"https:\/\/www.francoisburgher.fr\/app\/uploads\/2020\/11\/Capture-decran-2020-11-15-a-21.32.59-480x320.jpeg\" class=\"attachment-francoisburgher-portfolio-med size-francoisburgher-portfolio-med wp-post-image\" alt=\"\" \/><\/a><\/div><div class=\" pl-4 col-xs-12 col-md-9 book-content\"><h3 class=\"book-title\"><a href=\"https:\/\/www.francoisburgher.fr\/app\/uploads\/2021\/02\/ITALIA-20152PPF-optimise.pdf\" target=\"_blank\">Italie 2015<\/a><\/h3>Paysages de campagne, sc\u00e8nes urbaines entre la Toscane et la presqu'ile de Sorrente sur la cote adriatique...\r\n\r\nCarnet de voyage un peu h\u00e9t\u00e9roclite \u00e0 la mesure de la vari\u00e9t\u00e9 offerte par l'Italie !<p><a href=\"https:\/\/www.francoisburgher.fr\/fr\/wp-json\/wp\/v2\/pages\/1133\/#italie-2015\" target=\"_blank\">Copier le lien<\/a><\/p><\/div><\/div><div class=\"d-flex flex-row mb-5 book-item\"><div id=\"a-paris-en-2010\"><\/div><div class=\"align-self-center col-xs-12 col-md-3 book-thumbnail\"><a href=\"https:\/\/www.francoisburgher.fr\/app\/uploads\/2021\/02\/PARIS-20102PPF-optimise.pdf\" target=\"_blank\"><img loading=\"lazy\" decoding=\"async\" width=\"480\" height=\"320\" src=\"https:\/\/www.francoisburgher.fr\/app\/uploads\/2020\/12\/Capture-decran-2020-10-07-a-18.33.17-480x320.jpeg\" class=\"attachment-francoisburgher-portfolio-med size-francoisburgher-portfolio-med wp-post-image\" alt=\"\" \/><\/a><\/div><div class=\" pl-4 col-xs-12 col-md-9 book-content\"><h3 class=\"book-title\"><a href=\"https:\/\/www.francoisburgher.fr\/app\/uploads\/2021\/02\/PARIS-20102PPF-optimise.pdf\" target=\"_blank\">A Paris en 2010<\/a><\/h3>Clich\u00e9s r\u00e9alis\u00e9 \u00e0 la vol\u00e9e, sans but pr\u00e9cis, au cours de la vie courante.\r\n\r\nCette compilation illustre ma fa\u00e7on habituelle de travailler, guid\u00e9 par le regard, sensible \u00e0 une couleur, un \u00e9clat de lumi\u00e8re, un graphisme, un contre jour ou un reflet...<p><a href=\"https:\/\/www.francoisburgher.fr\/fr\/wp-json\/wp\/v2\/pages\/1133\/#a-paris-en-2010\" target=\"_blank\">Copier le lien<\/a><\/p><\/div><\/div><div class=\"d-flex flex-row mb-5 book-item\"><div id=\"en-birmanie-myanmar-en-2011\"><\/div><div class=\"align-self-center col-xs-12 col-md-3 book-thumbnail\"><a href=\"https:\/\/www.francoisburgher.fr\/app\/uploads\/2021\/02\/MYANMAR-20112PPF-optimise.pdf\" target=\"_blank\"><img loading=\"lazy\" decoding=\"async\" width=\"480\" height=\"320\" src=\"https:\/\/www.francoisburgher.fr\/app\/uploads\/2020\/12\/Capture-decran-2020-10-27-a-16.03.19-480x320.jpeg\" class=\"attachment-francoisburgher-portfolio-med size-francoisburgher-portfolio-med wp-post-image\" alt=\"\" \/><\/a><\/div><div class=\" pl-4 col-xs-12 col-md-9 book-content\"><h3 class=\"book-title\"><a href=\"https:\/\/www.francoisburgher.fr\/app\/uploads\/2021\/02\/MYANMAR-20112PPF-optimise.pdf\" target=\"_blank\">En Birmanie (Myanmar) en 2011<\/a><\/h3>Temples, religiosit\u00e9, la vie des bonzes et des ethnies de Rangoon au lac Inl\u00e9...<p><a href=\"https:\/\/www.francoisburgher.fr\/fr\/wp-json\/wp\/v2\/pages\/1133\/#en-birmanie-myanmar-en-2011\" target=\"_blank\">Copier le lien<\/a><\/p><\/div><\/div><div class=\"d-flex flex-row mb-5 book-item\"><div id=\"en-tanzanie-en-2017\"><\/div><div class=\"align-self-center col-xs-12 col-md-3 book-thumbnail\"><a href=\"https:\/\/www.francoisburgher.fr\/app\/uploads\/2021\/02\/TANZANIA-20172PPF-optimise.pdf\" target=\"_blank\"><img loading=\"lazy\" decoding=\"async\" width=\"480\" height=\"320\" src=\"https:\/\/www.francoisburgher.fr\/app\/uploads\/2020\/12\/Capture-decran-2020-10-10-a-22.04.36-480x320.jpeg\" class=\"attachment-francoisburgher-portfolio-med size-francoisburgher-portfolio-med wp-post-image\" alt=\"\" \/><\/a><\/div><div class=\" pl-4 col-xs-12 col-md-9 book-content\"><h3 class=\"book-title\"><a href=\"https:\/\/www.francoisburgher.fr\/app\/uploads\/2021\/02\/TANZANIA-20172PPF-optimise.pdf\" target=\"_blank\">En Tanzanie en 2017<\/a><\/h3>Les Hommes, les animaux en osmose \u00e9troite avec une immense nature, comme \u00e0 l'aube des temps... ou presque !<p><a href=\"https:\/\/www.francoisburgher.fr\/fr\/wp-json\/wp\/v2\/pages\/1133\/#en-tanzanie-en-2017\" target=\"_blank\">Copier le lien<\/a><\/p><\/div><\/div><div class=\"d-flex flex-row mb-5 book-item\"><div id=\"en-malysie-2014\"><\/div><div class=\"align-self-center col-xs-12 col-md-3 book-thumbnail\"><a href=\"https:\/\/www.francoisburgher.fr\/app\/uploads\/2021\/02\/MALAYSIA-20142PPF-optimise.pdf\" target=\"_blank\"><img loading=\"lazy\" decoding=\"async\" width=\"480\" height=\"320\" src=\"https:\/\/www.francoisburgher.fr\/app\/uploads\/2020\/12\/Capture-decran-2020-10-10-a-17.38.04-480x320.jpeg\" class=\"attachment-francoisburgher-portfolio-med size-francoisburgher-portfolio-med wp-post-image\" alt=\"\" \/><\/a><\/div><div class=\" pl-4 col-xs-12 col-md-9 book-content\"><h3 class=\"book-title\"><a href=\"https:\/\/www.francoisburgher.fr\/app\/uploads\/2021\/02\/MALAYSIA-20142PPF-optimise.pdf\" target=\"_blank\">En Malysie 2014<\/a><\/h3>Kuala Lumpur et ses tours Petronas, bords de mers et rivi\u00e8res, collines de th\u00e9, grands singes, ourses et \u00e9l\u00e9phants...<p><a href=\"https:\/\/www.francoisburgher.fr\/fr\/wp-json\/wp\/v2\/pages\/1133\/#en-malysie-2014\" target=\"_blank\">Copier le lien<\/a><\/p><\/div><\/div><div class=\"d-flex flex-row mb-5 book-item\"><div id=\"tables-bistrot-de-yamakado\"><\/div><div class=\"align-self-center col-xs-12 col-md-3 book-thumbnail\"><a href=\"https:\/\/www.francoisburgher.fr\/app\/uploads\/2021\/02\/YAMAKADO-TABLES2PPF-optimise.pdf\" target=\"_blank\"><img loading=\"lazy\" decoding=\"async\" width=\"480\" height=\"320\" src=\"https:\/\/www.francoisburgher.fr\/app\/uploads\/2020\/12\/Capture-decran-2020-10-10-a-17.21.48-480x320.jpeg\" class=\"attachment-francoisburgher-portfolio-med size-francoisburgher-portfolio-med wp-post-image\" alt=\"\" \/><\/a><\/div><div class=\" pl-4 col-xs-12 col-md-9 book-content\"><h3 class=\"book-title\"><a href=\"https:\/\/www.francoisburgher.fr\/app\/uploads\/2021\/02\/YAMAKADO-TABLES2PPF-optimise.pdf\" target=\"_blank\">Tables bistrot de Yamakado<\/a><\/h3>Histoire d'une rencontre magique entre un photographe et d'une designeuse.\r\n\r\nPartage d'une sensibilit\u00e9 et d'une esth\u00e9tique pour la cr\u00e9ation de la Table SUBLI. Une nouvelle collaboration !\r\n\r\nPr\u00e9sentation de 80 mod\u00e8les pour l'\u00e9tablissement d'un premier catalogue.<p><a href=\"https:\/\/www.francoisburgher.fr\/fr\/wp-json\/wp\/v2\/pages\/1133\/#tables-bistrot-de-yamakado\" target=\"_blank\">Copier le lien<\/a><\/p><\/div><\/div><div class=\"d-flex flex-row mb-5 book-item\"><div id=\"double-exposition\"><\/div><div class=\"align-self-center col-xs-12 col-md-3 book-thumbnail\"><a href=\"https:\/\/www.francoisburgher.fr\/app\/uploads\/2021\/02\/DOUBLE-SHOTS-1-2PPF-optimise.pdf\" target=\"_blank\"><img loading=\"lazy\" decoding=\"async\" width=\"480\" height=\"320\" src=\"https:\/\/www.francoisburgher.fr\/app\/uploads\/2020\/12\/Capture-decran-2020-12-24-a-13.26.59-480x320.jpeg\" class=\"attachment-francoisburgher-portfolio-med size-francoisburgher-portfolio-med wp-post-image\" alt=\"\" \/><\/a><\/div><div class=\" pl-4 col-xs-12 col-md-9 book-content\"><h3 class=\"book-title\"><a href=\"https:\/\/www.francoisburgher.fr\/app\/uploads\/2021\/02\/DOUBLE-SHOTS-1-2PPF-optimise.pdf\" target=\"_blank\">Double exposition<\/a><\/h3>Mise \u00e0 profit des possibilit\u00e9s techniques des boitier Nikon D4 puis D5. Ils permettent de r\u00e9aliser, lors de la prise de vue, une superposition d'images \u00a0(de 1 \u00e0 9 dans un d\u00e9lai maximum de 30 secondes),\u00a0directement sur le capteur.\r\nContrairement \u00e0 un travail de post-production avec des logiciels de retouche photographique, cette pratique impose une r\u00e9flexion pr\u00e9alable \u00e0 la prise de vue. On doit imp\u00e9rativement tenir compte le plus pr\u00e9cis\u00e9ment possible des param\u00e8tres suivants : \u00e9clairage g\u00e9n\u00e9ral et ponctuel, contrastes, gamme de couleurs, mouvements \u00e9ventuels de la sc\u00e8ne ou des sujets \u00e0 superposer pour obtenir un effet int\u00e9ressant, soit par addition soit par soustraction avec ou sans rotation, avec ou sans recadrage...\r\nCet exercice \"sans filet\", \u00e0 chaud, m'a passionn\u00e9 pendant plusieurs ann\u00e9es. \u00a0Voici le troisi\u00e8me des trois recueils r\u00e9alis\u00e9s dans cet \u00e9tat d'esprit esprit.<p><a href=\"https:\/\/www.francoisburgher.fr\/fr\/wp-json\/wp\/v2\/pages\/1133\/#double-exposition\" target=\"_blank\">Copier le lien<\/a><\/p><\/div><\/div><div class=\"d-flex flex-row mb-5 book-item\"><div id=\"panoramas-americains\"><\/div><div class=\"align-self-center col-xs-12 col-md-3 book-thumbnail\"><a href=\"https:\/\/www.francoisburgher.fr\/app\/uploads\/2021\/02\/AMERICAN-PANORAMAS2PPF-optimise.pdf\" target=\"_blank\"><img loading=\"lazy\" decoding=\"async\" width=\"480\" height=\"320\" src=\"https:\/\/www.francoisburgher.fr\/app\/uploads\/2020\/12\/Capture-decran-2020-10-27-a-15.09.56-1-480x320.jpeg\" class=\"attachment-francoisburgher-portfolio-med size-francoisburgher-portfolio-med wp-post-image\" alt=\"\" \/><\/a><\/div><div class=\" pl-4 col-xs-12 col-md-9 book-content\"><h3 class=\"book-title\"><a href=\"https:\/\/www.francoisburgher.fr\/app\/uploads\/2021\/02\/AMERICAN-PANORAMAS2PPF-optimise.pdf\" target=\"_blank\">Panoramas am\u00e9ricains<\/a><\/h3>Quelques panoramas exceptionnels dans les parcs nationaux des Etats Unis sont, pour moi, parmi les plus beaux endroits du monde : Yellowstone, Monument Valley, Brice canyon, Canyonland, Blackhills, Badlands, Mont Rushmore...<p><a href=\"https:\/\/www.francoisburgher.fr\/fr\/wp-json\/wp\/v2\/pages\/1133\/#panoramas-americains\" target=\"_blank\">Copier le lien<\/a><\/p><\/div><\/div><div class=\"d-flex flex-row mb-5 book-item\"><div id=\"en-toscane-en-2011\"><\/div><div class=\"align-self-center col-xs-12 col-md-3 book-thumbnail\"><a href=\"https:\/\/www.francoisburgher.fr\/app\/uploads\/2021\/02\/TOSCANE-2011-AUTOMNE2PPF-optimise.pdf\" target=\"_blank\"><img loading=\"lazy\" decoding=\"async\" width=\"480\" height=\"320\" src=\"https:\/\/www.francoisburgher.fr\/app\/uploads\/2020\/12\/Capture-decran-2020-10-07-a-20.46.13-1-480x320.jpeg\" class=\"attachment-francoisburgher-portfolio-med size-francoisburgher-portfolio-med wp-post-image\" alt=\"\" \/><\/a><\/div><div class=\" pl-4 col-xs-12 col-md-9 book-content\"><h3 class=\"book-title\"><a href=\"https:\/\/www.francoisburgher.fr\/app\/uploads\/2021\/02\/TOSCANE-2011-AUTOMNE2PPF-optimise.pdf\" target=\"_blank\">En Toscane en 2011<\/a><\/h3>Premi\u00e8re d\u00e9couverte de la magnificence des paysages toscans. Un choc esth\u00e9tique ! La rencontre d'une nature profond\u00e9ment travaill\u00e9e par la main de l'homme et de constructions historiques intimes ou fastueuses...\r\n\r\nDe la campagne aux villes de Pienza, Sienne et Pise.<p><a href=\"https:\/\/www.francoisburgher.fr\/fr\/wp-json\/wp\/v2\/pages\/1133\/#en-toscane-en-2011\" target=\"_blank\">Copier le lien<\/a><\/p><\/div><\/div><div class=\"d-flex flex-row mb-5 book-item\"><div id=\"un-apres-midi-au-musee-du-louvre-de-paris\"><\/div><div class=\"align-self-center col-xs-12 col-md-3 book-thumbnail\"><a href=\"https:\/\/www.francoisburgher.fr\/app\/uploads\/2021\/02\/LOUVRE-APRES-MIDI-20132PPF-optimise.pdf\" target=\"_blank\"><img loading=\"lazy\" decoding=\"async\" width=\"480\" height=\"320\" src=\"https:\/\/www.francoisburgher.fr\/app\/uploads\/2020\/11\/Capture-decran-2020-11-15-a-21.52.12-480x320.jpeg\" class=\"attachment-francoisburgher-portfolio-med size-francoisburgher-portfolio-med wp-post-image\" alt=\"\" \/><\/a><\/div><div class=\" pl-4 col-xs-12 col-md-9 book-content\"><h3 class=\"book-title\"><a href=\"https:\/\/www.francoisburgher.fr\/app\/uploads\/2021\/02\/LOUVRE-APRES-MIDI-20132PPF-optimise.pdf\" target=\"_blank\">un apr\u00e8s-midi au Mus\u00e9e du Louvre de Paris<\/a><\/h3>R\u00e9sultat d'un pari cr\u00e9atif : prendre des photos au mus\u00e9e du Louvre de Paris, un apr\u00e8s-midi, traiter les photos en soir\u00e9e et \u00e9diter un livre dans la foul\u00e9e, le m\u00eame jour...\r\n\r\nComme souvent, je ne cherche pas \u00e0 d\u00e9crire le lieu comme le ferait un guide touristique. Au contraire, je m'attache \u00e0 certains d\u00e9tail d'oeuvres qui ont attir\u00e9 mon regard ainsi qu'au contexte g\u00e9n\u00e9ral des lieux architecturaux et \u00e0 des sc\u00e8nes pr\u00e9sent\u00e9es par le public pr\u00e9sent.\r\n\r\nLivre \"reportage\" pour partager de simples impressions v\u00e9cues au premier degr\u00e9...<p><a href=\"https:\/\/www.francoisburgher.fr\/fr\/wp-json\/wp\/v2\/pages\/1133\/#un-apres-midi-au-musee-du-louvre-de-paris\" target=\"_blank\">Copier le lien<\/a><\/p><\/div><\/div><div class=\"d-flex flex-row mb-5 book-item\"><div id=\"a-hokkaido-japon\"><\/div><div class=\"align-self-center col-xs-12 col-md-3 book-thumbnail\"><a href=\"https:\/\/www.francoisburgher.fr\/app\/uploads\/2021\/02\/HOKKAIDO-20182PPF-optimise.pdf\" target=\"_blank\"><img loading=\"lazy\" decoding=\"async\" width=\"480\" height=\"320\" src=\"https:\/\/www.francoisburgher.fr\/app\/uploads\/2020\/11\/Capture-decran-2020-11-15-a-21.30.03-480x320.jpeg\" class=\"attachment-francoisburgher-portfolio-med size-francoisburgher-portfolio-med wp-post-image\" alt=\"\" \/><\/a><\/div><div class=\" pl-4 col-xs-12 col-md-9 book-content\"><h3 class=\"book-title\"><a href=\"https:\/\/www.francoisburgher.fr\/app\/uploads\/2021\/02\/HOKKAIDO-20182PPF-optimise.pdf\" target=\"_blank\">A Hokkaido, Japon<\/a><\/h3>Entre volcans et nuages, mer et forets, la grande ile du nord d\u00e9crite partiellement et subjectivement par quelques images d'animaux, de fleurs, des couleurs, de la fraicheur et quelques ha\u00efkus (courts po\u00e8mes traditionnels) pour tenter de faire ressentir l'atmosph\u00e8re si sp\u00e9cifique de cette ile extr\u00eame de l'archipel nippon.<p><a href=\"https:\/\/www.francoisburgher.fr\/fr\/wp-json\/wp\/v2\/pages\/1133\/#a-hokkaido-japon\" target=\"_blank\">Copier le lien<\/a><\/p><\/div><\/div><div class=\"d-flex flex-row mb-5 book-item\"><div id=\"en-turquie-en-2011\"><\/div><div class=\"align-self-center col-xs-12 col-md-3 book-thumbnail\"><a href=\"https:\/\/www.francoisburgher.fr\/app\/uploads\/2021\/02\/TURQUIE2PPF-optimise.pdf\" target=\"_blank\"><img loading=\"lazy\" decoding=\"async\" width=\"480\" height=\"320\" src=\"https:\/\/www.francoisburgher.fr\/app\/uploads\/2020\/12\/Capture-decran-2020-10-07-a-20.07.39-480x320.jpeg\" class=\"attachment-francoisburgher-portfolio-med size-francoisburgher-portfolio-med wp-post-image\" alt=\"\" \/><\/a><\/div><div class=\" pl-4 col-xs-12 col-md-9 book-content\"><h3 class=\"book-title\"><a href=\"https:\/\/www.francoisburgher.fr\/app\/uploads\/2021\/02\/TURQUIE2PPF-optimise.pdf\" target=\"_blank\">En Turquie en 2011<\/a><\/h3>Ville antique d'Eph\u00e8se, Sources p\u00e9trifiantes de Pamukkale, Istanbul, Antalya, ruines du th\u00e9\u00e2tre d'Aspendos, Porte tetrapylone et stade d'Aphrodisias, Cappadoce et habitat troglodytes. march\u00e9 de Selcuk et Milliparc sur la c\u00f4te \u00e9g\u00e9enne. Visages et paysages, ...\r\n\r\n&nbsp;<p><a href=\"https:\/\/www.francoisburgher.fr\/fr\/wp-json\/wp\/v2\/pages\/1133\/#en-turquie-en-2011\" target=\"_blank\">Copier le lien<\/a><\/p><\/div><\/div><div class=\"d-flex flex-row mb-5 book-item\"><div id=\"en-ethiopie\"><\/div><div class=\"align-self-center col-xs-12 col-md-3 book-thumbnail\"><a href=\"https:\/\/www.francoisburgher.fr\/app\/uploads\/2021\/02\/ETHIOPIA-20122PPF-optimise.pdf\" target=\"_blank\"><img loading=\"lazy\" decoding=\"async\" width=\"480\" height=\"320\" src=\"https:\/\/www.francoisburgher.fr\/app\/uploads\/2020\/11\/Capture-decran-2020-11-15-a-21.27.47-480x320.jpeg\" class=\"attachment-francoisburgher-portfolio-med size-francoisburgher-portfolio-med wp-post-image\" alt=\"\" \/><\/a><\/div><div class=\" pl-4 col-xs-12 col-md-9 book-content\"><h3 class=\"book-title\"><a href=\"https:\/\/www.francoisburgher.fr\/app\/uploads\/2021\/02\/ETHIOPIA-20122PPF-optimise.pdf\" target=\"_blank\">En Ethiopie<\/a><\/h3>Portraits de gens \"ordinaires\", ethnies juxtapos\u00e9es, travaux des champs, profonde religiosit\u00e9, fragments authentiques et attachants d'une partie de la vaste Ethiopie en 2012...<p><a href=\"https:\/\/www.francoisburgher.fr\/fr\/wp-json\/wp\/v2\/pages\/1133\/#en-ethiopie\" target=\"_blank\">Copier le lien<\/a><\/p><\/div><\/div><div class=\"d-flex flex-row mb-5 book-item\"><div id=\"surimpressionisme-2012-1-2\"><\/div><div class=\"align-self-center col-xs-12 col-md-3 book-thumbnail\"><a href=\"https:\/\/www.francoisburgher.fr\/app\/uploads\/2021\/02\/SUrimpressionism-vol-1-orange2PPF-optimise.pdf\" target=\"_blank\"><img loading=\"lazy\" decoding=\"async\" width=\"480\" height=\"320\" src=\"https:\/\/www.francoisburgher.fr\/app\/uploads\/2020\/12\/IMG_20201220_2005472500-70-web-CO21-Francois-BURGHER-photos-images-Paris-photographe-photographer-480x320.jpg\" class=\"attachment-francoisburgher-portfolio-med size-francoisburgher-portfolio-med wp-post-image\" alt=\"\" \/><\/a><\/div><div class=\" pl-4 col-xs-12 col-md-9 book-content\"><h3 class=\"book-title\"><a href=\"https:\/\/www.francoisburgher.fr\/app\/uploads\/2021\/02\/SUrimpressionism-vol-1-orange2PPF-optimise.pdf\" target=\"_blank\">Surimpressionisme 2012 (1\/2)<\/a><\/h3>Mise \u00e0 profit des possibilit\u00e9s techniques des boitier Nikon D4 puis D5. Ils permettent de r\u00e9aliser, lors de la prise de vue, une superposition d'images \u00a0(de 1 \u00e0 9 dans un d\u00e9lai maximum de 30 secondes),\u00a0directement sur le capteur.\r\nContrairement \u00e0 un travail de post-production avec des logiciels de retouche photographique, cette pratique impose une r\u00e9flexion pr\u00e9alable \u00e0 la prise de vue. On doit imp\u00e9rativement tenir compte le plus pr\u00e9cis\u00e9ment possible des param\u00e8tres suivants : \u00e9clairage g\u00e9n\u00e9ral et ponctuel, contrastes, gamme de couleurs, mouvements \u00e9ventuels de la sc\u00e8ne ou des sujets \u00e0 superposer pour obtenir un effet int\u00e9ressant, soit par addition soit par soustraction.\r\nCet exercice \"sans filet\", \u00e0 chaud, m'a passionn\u00e9 pendant plusieurs ann\u00e9es. \u00a0Voici le premier des trois recueils r\u00e9alis\u00e9s dans cet \u00e9tat d'esprit esprit.<p><a href=\"https:\/\/www.francoisburgher.fr\/fr\/wp-json\/wp\/v2\/pages\/1133\/#surimpressionisme-2012-1-2\" target=\"_blank\">Copier le lien<\/a><\/p><\/div><\/div><div class=\"d-flex flex-row mb-5 book-item\"><div id=\"en-sardaigne-en-2016\"><\/div><div class=\"align-self-center col-xs-12 col-md-3 book-thumbnail\"><a href=\"https:\/\/www.francoisburgher.fr\/app\/uploads\/2021\/02\/SARDENIA-20162PPF-optimise.pdf\" target=\"_blank\"><img loading=\"lazy\" decoding=\"async\" width=\"480\" height=\"320\" src=\"https:\/\/www.francoisburgher.fr\/app\/uploads\/2020\/12\/Capture-decran-2020-10-13-a-16.00.21-480x320.jpeg\" class=\"attachment-francoisburgher-portfolio-med size-francoisburgher-portfolio-med wp-post-image\" alt=\"\" \/><\/a><\/div><div class=\" pl-4 col-xs-12 col-md-9 book-content\"><h3 class=\"book-title\"><a href=\"https:\/\/www.francoisburgher.fr\/app\/uploads\/2021\/02\/SARDENIA-20162PPF-optimise.pdf\" target=\"_blank\">En Sardaigne en 2016<\/a><\/h3>B\u00e2timents religieux, construction civiles, sites antiques sous le soleil m\u00e9diterran\u00e9en. \u00a0Visions color\u00e9es, nature pr\u00e9serv\u00e9e...<p><a href=\"https:\/\/www.francoisburgher.fr\/fr\/wp-json\/wp\/v2\/pages\/1133\/#en-sardaigne-en-2016\" target=\"_blank\">Copier le lien<\/a><\/p><\/div><\/div><div class=\"d-flex flex-row mb-5 book-item\"><div id=\"paysage-de-campagne-sous-la-pluie\"><\/div><div class=\"align-self-center col-xs-12 col-md-3 book-thumbnail\"><a href=\"\" target=\"_blank\"><img loading=\"lazy\" decoding=\"async\" width=\"480\" height=\"320\" src=\"https:\/\/www.francoisburgher.fr\/app\/uploads\/2021\/02\/IMG_20200804_114754-Francois-BURGHER-photos-images-Paris-photographe-photographer-480x320.jpg\" class=\"attachment-francoisburgher-portfolio-med size-francoisburgher-portfolio-med wp-post-image\" alt=\"\" \/><\/a><\/div><div class=\" pl-4 col-xs-12 col-md-9 book-content\"><h3 class=\"book-title\"><a href=\"\" target=\"_blank\">Paysage de campagne sous la pluie<\/a><\/h3>Il pleut fort, impossible de sortir de la voiture. Les projets sont \"\u00e0 l'eau\"... \u00a0Mais l'inspiration fait surface et passe \"entre les gouttes\" du pare-brise.\r\n\r\n&nbsp;<p><a href=\"https:\/\/www.francoisburgher.fr\/fr\/wp-json\/wp\/v2\/pages\/1133\/#paysage-de-campagne-sous-la-pluie\" target=\"_blank\">Copier le lien<\/a><\/p><\/div><\/div><div class=\"d-flex flex-row mb-5 book-item\"><div id=\"indonesie-2010-11\"><\/div><div class=\"align-self-center col-xs-12 col-md-3 book-thumbnail\"><a href=\"https:\/\/www.francoisburgher.fr\/app\/uploads\/2021\/02\/INDONESIE-20112PPF-optimise.pdf\" target=\"_blank\"><img loading=\"lazy\" decoding=\"async\" width=\"480\" height=\"320\" src=\"https:\/\/www.francoisburgher.fr\/app\/uploads\/2020\/11\/Capture-decran-2020-11-15-a-21.31.04-480x320.jpeg\" class=\"attachment-francoisburgher-portfolio-med size-francoisburgher-portfolio-med wp-post-image\" alt=\"\" \/><\/a><\/div><div class=\" pl-4 col-xs-12 col-md-9 book-content\"><h3 class=\"book-title\"><a href=\"https:\/\/www.francoisburgher.fr\/app\/uploads\/2021\/02\/INDONESIE-20112PPF-optimise.pdf\" target=\"_blank\">Indon\u00e9sie 2010\/11<\/a><\/h3>Accueillante Indon\u00e9sie, entre rizi\u00e8res et volcans, festivit\u00e9s, sc\u00e8ne de vie ordinaire, traditions, une vision kal\u00e9idoscopique de l'\u00eele de Java.<p><a href=\"https:\/\/www.francoisburgher.fr\/fr\/wp-json\/wp\/v2\/pages\/1133\/#indonesie-2010-11\" target=\"_blank\">Copier le lien<\/a><\/p><\/div><\/div><div class=\"d-flex flex-row mb-5 book-item\"><div id=\"en-australie-2017\"><\/div><div class=\"align-self-center col-xs-12 col-md-3 book-thumbnail\"><a href=\"https:\/\/www.francoisburgher.fr\/app\/uploads\/2021\/02\/AUSTRALIA-20172PPF-optimise.pdf\" target=\"_blank\"><img loading=\"lazy\" decoding=\"async\" width=\"480\" height=\"320\" src=\"https:\/\/www.francoisburgher.fr\/app\/uploads\/2020\/11\/Capture-decran-2020-11-15-a-21.14.57-480x320.jpeg\" class=\"attachment-francoisburgher-portfolio-med size-francoisburgher-portfolio-med wp-post-image\" alt=\"\" \/><\/a><\/div><div class=\" pl-4 col-xs-12 col-md-9 book-content\"><h3 class=\"book-title\"><a href=\"https:\/\/www.francoisburgher.fr\/app\/uploads\/2021\/02\/AUSTRALIA-20172PPF-optimise.pdf\" target=\"_blank\">En Australie 2017<\/a><\/h3>Clins d'oeil non conventionnels et tr\u00e8s parcellaires sur quelques paysages australiens et \u00e0 Sydney.<p><a href=\"https:\/\/www.francoisburgher.fr\/fr\/wp-json\/wp\/v2\/pages\/1133\/#en-australie-2017\" target=\"_blank\">Copier le lien<\/a><\/p><\/div><\/div><div class=\"d-flex flex-row mb-5 book-item\"><div id=\"a-madagascar-en-2011\"><\/div><div class=\"align-self-center col-xs-12 col-md-3 book-thumbnail\"><a href=\"https:\/\/www.francoisburgher.fr\/app\/uploads\/2021\/02\/MADA-20112PPF-optimise.pdf\" target=\"_blank\"><img loading=\"lazy\" decoding=\"async\" width=\"480\" height=\"320\" src=\"https:\/\/www.francoisburgher.fr\/app\/uploads\/2020\/12\/Capture-decran-2020-10-10-a-17.14.26-480x320.jpeg\" class=\"attachment-francoisburgher-portfolio-med size-francoisburgher-portfolio-med wp-post-image\" alt=\"\" \/><\/a><\/div><div class=\" pl-4 col-xs-12 col-md-9 book-content\"><h3 class=\"book-title\"><a href=\"https:\/\/www.francoisburgher.fr\/app\/uploads\/2021\/02\/MADA-20112PPF-optimise.pdf\" target=\"_blank\">A Madagascar en 2011<\/a><\/h3>Galerie de portraits touchants de joie de vivre ou de tristesse. Activit\u00e9s humaines en ville ou \u00e0 la campagne : four \u00e0 brique, fonderie d'aluminium, carri\u00e8re, march\u00e9s, rizi\u00e8res, combat de coqs... Rencontres avec l'incroyable faune locale : cam\u00e9l\u00e9ons, marsupiaux, z\u00e9bus, baleines \u00e0 bosse et insectes divers !<p><a href=\"https:\/\/www.francoisburgher.fr\/fr\/wp-json\/wp\/v2\/pages\/1133\/#a-madagascar-en-2011\" target=\"_blank\">Copier le lien<\/a><\/p><\/div><\/div><div class=\"d-flex flex-row mb-5 book-item\"><div id=\"kiev-2010\"><\/div><div class=\"align-self-center col-xs-12 col-md-3 book-thumbnail\"><a href=\"https:\/\/www.francoisburgher.fr\/app\/uploads\/2021\/02\/KIEV-20102PPF-optimise.pdf\" target=\"_blank\"><img loading=\"lazy\" decoding=\"async\" width=\"480\" height=\"320\" src=\"https:\/\/www.francoisburgher.fr\/app\/uploads\/2020\/11\/Capture-decran-2020-11-15-a-21.36.35-480x320.jpeg\" class=\"attachment-francoisburgher-portfolio-med size-francoisburgher-portfolio-med wp-post-image\" alt=\"\" \/><\/a><\/div><div class=\" pl-4 col-xs-12 col-md-9 book-content\"><h3 class=\"book-title\"><a href=\"https:\/\/www.francoisburgher.fr\/app\/uploads\/2021\/02\/KIEV-20102PPF-optimise.pdf\" target=\"_blank\">Kiev 2010<\/a><\/h3>Une semaine ensoleill\u00e9e dans cette capitale, avant les troubles de la r\u00e9volution...<p><a href=\"https:\/\/www.francoisburgher.fr\/fr\/wp-json\/wp\/v2\/pages\/1133\/#kiev-2010\" target=\"_blank\">Copier le lien<\/a><\/p><\/div><\/div><div class=\"d-flex flex-row mb-5 book-item\"><div id=\"sensations-japonaises\"><\/div><div class=\"align-self-center col-xs-12 col-md-3 book-thumbnail\"><a href=\"https:\/\/www.francoisburgher.fr\/app\/uploads\/2021\/02\/JAPANESE-SENSATION-20162PPF-optimise.pdf\" target=\"_blank\"><img loading=\"lazy\" decoding=\"async\" width=\"480\" height=\"320\" src=\"https:\/\/www.francoisburgher.fr\/app\/uploads\/2020\/11\/Capture-decran-2020-11-15-a-21.33.46-480x320.jpeg\" class=\"attachment-francoisburgher-portfolio-med size-francoisburgher-portfolio-med wp-post-image\" alt=\"\" \/><\/a><\/div><div class=\" pl-4 col-xs-12 col-md-9 book-content\"><h3 class=\"book-title\"><a href=\"https:\/\/www.francoisburgher.fr\/app\/uploads\/2021\/02\/JAPANESE-SENSATION-20162PPF-optimise.pdf\" target=\"_blank\">Sensations japonaises<\/a><\/h3>Instantan\u00e9s recueillis au Japon, \u00e0 la ville ou \u00e0 la campagne, personnages, objets, multiples d\u00e9tails susceptibles de traduire et de transmettre, mes impressions esth\u00e9tiques dans ce pays qui ne ressemble \u00e0 aucun autre, associant tradition ancienne et profond socle de croyance contrastant avec un modernisme vigoureux...\r\n\r\nFascinantes, imp\u00e9n\u00e9trables, chatoyantes, tr\u00e8s graphiques, les apparentes oppositions ne sont que des compl\u00e9tmentarit\u00e9s f\u00e9condes.\r\n\r\nUn v\u00e9ritable bouquet de sensations !<p><a href=\"https:\/\/www.francoisburgher.fr\/fr\/wp-json\/wp\/v2\/pages\/1133\/#sensations-japonaises\" target=\"_blank\">Copier le lien<\/a><\/p><\/div><\/div><div class=\"d-flex flex-row mb-5 book-item\"><div id=\"couleurs-aux-etat-unis-damerique\"><\/div><div class=\"align-self-center col-xs-12 col-md-3 book-thumbnail\"><a href=\"https:\/\/www.francoisburgher.fr\/app\/uploads\/2021\/02\/COLORS-OF-AMERICA-20182PPF-optimise.pdf\" target=\"_blank\"><img loading=\"lazy\" decoding=\"async\" width=\"480\" height=\"320\" src=\"https:\/\/www.francoisburgher.fr\/app\/uploads\/2020\/11\/Capture-decran-2020-11-15-a-21.15.42-480x320.jpeg\" class=\"attachment-francoisburgher-portfolio-med size-francoisburgher-portfolio-med wp-post-image\" alt=\"\" \/><\/a><\/div><div class=\" pl-4 col-xs-12 col-md-9 book-content\"><h3 class=\"book-title\"><a href=\"https:\/\/www.francoisburgher.fr\/app\/uploads\/2021\/02\/COLORS-OF-AMERICA-20182PPF-optimise.pdf\" target=\"_blank\">Couleurs aux Etat Unis d&rsquo;Am\u00e9rique<\/a><\/h3>Les couleurs comme fil conducteur \u00e0 Monument Valley, Canyonland, Yellowstone, Brice Canyon, Badlands, Black Hills, Mont Rushmore...\r\n\r\n&nbsp;\r\n\r\n&nbsp;<p><a href=\"https:\/\/www.francoisburgher.fr\/fr\/wp-json\/wp\/v2\/pages\/1133\/#couleurs-aux-etat-unis-damerique\" target=\"_blank\">Copier le lien<\/a><\/p><\/div><\/div><div class=\"d-flex flex-row mb-5 book-item\"><div id=\"en-namibie-en-2012-1-2\"><\/div><div class=\"align-self-center col-xs-12 col-md-3 book-thumbnail\"><a href=\"https:\/\/www.francoisburgher.fr\/app\/uploads\/2021\/02\/Namibia-vol-1-orange2PPF-optimise.pdf\" target=\"_blank\"><img loading=\"lazy\" decoding=\"async\" width=\"480\" height=\"320\" src=\"https:\/\/www.francoisburgher.fr\/app\/uploads\/2020\/12\/Capture-decran-2020-10-27-a-15.30.39-2-480x320.jpeg\" class=\"attachment-francoisburgher-portfolio-med size-francoisburgher-portfolio-med wp-post-image\" alt=\"\" \/><\/a><\/div><div class=\" pl-4 col-xs-12 col-md-9 book-content\"><h3 class=\"book-title\"><a href=\"https:\/\/www.francoisburgher.fr\/app\/uploads\/2021\/02\/Namibia-vol-1-orange2PPF-optimise.pdf\" target=\"_blank\">En Namibie en 2012 (1\/2)<\/a><\/h3>Groupes ethniques : Himbas, Hereros. Paysages des dunes de Sossuslvei, C\u00f4te des squelettes : otaries \u00e0 fourrure, \u00e9l\u00e9phants, girafes et lions, z\u00e8bres et rhino... Reptiles, cam\u00e9l\u00e9ons et l\u00e9zards ...<p><a href=\"https:\/\/www.francoisburgher.fr\/fr\/wp-json\/wp\/v2\/pages\/1133\/#en-namibie-en-2012-1-2\" target=\"_blank\">Copier le lien<\/a><\/p><\/div><\/div><div class=\"d-flex flex-row mb-5 book-item\"><div id=\"pantone-a-yellowstone\"><\/div><div class=\"align-self-center col-xs-12 col-md-3 book-thumbnail\"><a href=\"https:\/\/www.francoisburgher.fr\/app\/uploads\/2021\/02\/YEllowstone-Pantone2PPF-optimise.pdf\" target=\"_blank\"><img loading=\"lazy\" decoding=\"async\" width=\"480\" height=\"320\" src=\"https:\/\/www.francoisburgher.fr\/app\/uploads\/2020\/12\/IMG_20201220_0946542500-70-web-CO21-Francois-BURGHER-photos-images-Paris-photographe-photographer-480x320.jpg\" class=\"attachment-francoisburgher-portfolio-med size-francoisburgher-portfolio-med wp-post-image\" alt=\"\" \/><\/a><\/div><div class=\" pl-4 col-xs-12 col-md-9 book-content\"><h3 class=\"book-title\"><a href=\"https:\/\/www.francoisburgher.fr\/app\/uploads\/2021\/02\/YEllowstone-Pantone2PPF-optimise.pdf\" target=\"_blank\">\u00ab\u00a0Pantone\u00a0\u00bb \u00e0 Yellowstone<\/a><\/h3>Jeu de couleurs autours des geysers de Yellowstone (USA)<p><a href=\"https:\/\/www.francoisburgher.fr\/fr\/wp-json\/wp\/v2\/pages\/1133\/#pantone-a-yellowstone\" target=\"_blank\">Copier le lien<\/a><\/p><\/div><\/div><div class=\"d-flex flex-row mb-5 book-item\"><div id=\"notre-regard-sur-le-monde\"><\/div><div class=\"align-self-center col-xs-12 col-md-3 book-thumbnail\"><a href=\"https:\/\/www.francoisburgher.fr\/app\/uploads\/2021\/02\/YEUX-PREVOR-compres-3-Mo-2PPFoptimise-copie.pdf\" target=\"_blank\"><img loading=\"lazy\" decoding=\"async\" width=\"480\" height=\"320\" src=\"https:\/\/www.francoisburgher.fr\/app\/uploads\/2020\/12\/Capture-decran-2020-12-17-a-16.30.46-480x320.jpeg\" class=\"attachment-francoisburgher-portfolio-med size-francoisburgher-portfolio-med wp-post-image\" alt=\"\" \/><\/a><\/div><div class=\" pl-4 col-xs-12 col-md-9 book-content\"><h3 class=\"book-title\"><a href=\"https:\/\/www.francoisburgher.fr\/app\/uploads\/2021\/02\/YEUX-PREVOR-compres-3-Mo-2PPFoptimise-copie.pdf\" target=\"_blank\">Notre regard sur le monde<\/a><\/h3>De l'expression du regard \u00e0 la vision du futur.\r\n\r\nLes yeux sont \u00e0 la fois expression int\u00e9rieure et vision. Les chercheurs du laboratoire PREVOR travaillent pour prot\u00e9ger cet organe ultrasensible, si important \u00e0 notre vie. Sauver les yeux depuis plus de 60 ans, c'est s'approprier les plus r\u00e9centes d\u00e9couvertes pour construire le futur afin de permettre \u00e0 l'homme bless\u00e9 de retrouver expression et vision.\r\n\r\nLe photographe se fait t\u00e9moins discret de nos \u00e9motions pour \u00e9voquer le but ultime des travaux de recherche du laboratoire PREVOR.\r\n\r\n&nbsp;<p><a href=\"https:\/\/www.francoisburgher.fr\/fr\/wp-json\/wp\/v2\/pages\/1133\/#notre-regard-sur-le-monde\" target=\"_blank\">Copier le lien<\/a><\/p><\/div><\/div><div class=\"d-flex flex-row mb-5 book-item\"><div id=\"madagascar-en-2011-cote-nature\"><\/div><div class=\"align-self-center col-xs-12 col-md-3 book-thumbnail\"><a href=\"https:\/\/www.francoisburgher.fr\/app\/uploads\/2021\/02\/Mada-nature-20112PPF-optimise.pdf\" target=\"_blank\"><img loading=\"lazy\" decoding=\"async\" width=\"480\" height=\"320\" src=\"https:\/\/www.francoisburgher.fr\/app\/uploads\/2020\/12\/Capture-decran-2020-10-07-a-20.53.30-480x320.jpeg\" class=\"attachment-francoisburgher-portfolio-med size-francoisburgher-portfolio-med wp-post-image\" alt=\"\" \/><\/a><\/div><div class=\" pl-4 col-xs-12 col-md-9 book-content\"><h3 class=\"book-title\"><a href=\"https:\/\/www.francoisburgher.fr\/app\/uploads\/2021\/02\/Mada-nature-20112PPF-optimise.pdf\" target=\"_blank\">Madagascar en 2011, c\u00f4t\u00e9 nature<\/a><\/h3>Richesses naturelles de Madagascar, dans la r\u00e9gion des Tsingys de Bemaraha : min\u00e9ralit\u00e9, faune et flore...<p><a href=\"https:\/\/www.francoisburgher.fr\/fr\/wp-json\/wp\/v2\/pages\/1133\/#madagascar-en-2011-cote-nature\" target=\"_blank\">Copier le lien<\/a><\/p><\/div><\/div><div class=\"d-flex flex-row mb-5 book-item\"><div id=\"au-sri-lanka-en-2019\"><\/div><div class=\"align-self-center col-xs-12 col-md-3 book-thumbnail\"><a href=\"https:\/\/www.francoisburgher.fr\/app\/uploads\/2021\/02\/SRI-LANKA-20192PPF-optimise.pdf\" target=\"_blank\"><img loading=\"lazy\" decoding=\"async\" width=\"480\" height=\"320\" src=\"https:\/\/www.francoisburgher.fr\/app\/uploads\/2020\/12\/Capture-decran-2020-10-14-a-17.28.09-480x320.jpeg\" class=\"attachment-francoisburgher-portfolio-med size-francoisburgher-portfolio-med wp-post-image\" alt=\"\" \/><\/a><\/div><div class=\" pl-4 col-xs-12 col-md-9 book-content\"><h3 class=\"book-title\"><a href=\"https:\/\/www.francoisburgher.fr\/app\/uploads\/2021\/02\/SRI-LANKA-20192PPF-optimise.pdf\" target=\"_blank\">Au Sri Lanka en 2019<\/a><\/h3>C'est comme en Inde sans \u00eatre l'Inde... C'est tout une culture propre \u00e0 l'insularit\u00e9.\r\n\r\nGalerie de portraits, au march\u00e9, sur la c\u00f4te, \u00e0 la mine, au temple, dans les montagnes... Un point commun, l'intensit\u00e9 du regard, la force de la vie, la richesse du contact !<p><a href=\"https:\/\/www.francoisburgher.fr\/fr\/wp-json\/wp\/v2\/pages\/1133\/#au-sri-lanka-en-2019\" target=\"_blank\">Copier le lien<\/a><\/p><\/div><\/div><div class=\"d-flex flex-row mb-5 book-item\"><div id=\"en-toscane-en-2018\"><\/div><div class=\"align-self-center col-xs-12 col-md-3 book-thumbnail\"><a href=\"https:\/\/www.francoisburgher.fr\/app\/uploads\/2021\/02\/TOSCANA-20182PPF-optimise.pdf\" target=\"_blank\"><img loading=\"lazy\" decoding=\"async\" width=\"480\" height=\"320\" src=\"https:\/\/www.francoisburgher.fr\/app\/uploads\/2020\/12\/Capture-decran-2020-10-27-a-15.00.50-480x320.jpeg\" class=\"attachment-francoisburgher-portfolio-med size-francoisburgher-portfolio-med wp-post-image\" alt=\"\" \/><\/a><\/div><div class=\" pl-4 col-xs-12 col-md-9 book-content\"><h3 class=\"book-title\"><a href=\"https:\/\/www.francoisburgher.fr\/app\/uploads\/2021\/02\/TOSCANA-20182PPF-optimise.pdf\" target=\"_blank\">En Toscane en 2018<\/a><\/h3>Paysages d'automne en Toscane : fin d'apr\u00e8s-midi pr\u00e8s de San Quirico d'Orcia, lever du jour sur les hauteurs de Bagno Vignoni, alentours de Pienza...\r\n\r\nFascination pour des images que j'ajouterais volontiers \u00e0 la liste des merveilles du monde !<p><a href=\"https:\/\/www.francoisburgher.fr\/fr\/wp-json\/wp\/v2\/pages\/1133\/#en-toscane-en-2018\" target=\"_blank\">Copier le lien<\/a><\/p><\/div><\/div><div class=\"d-flex flex-row mb-5 book-item\"><div id=\"au-portugal-en-2015\"><\/div><div class=\"align-self-center col-xs-12 col-md-3 book-thumbnail\"><a href=\"https:\/\/www.francoisburgher.fr\/app\/uploads\/2021\/02\/PORTUGAL-20152PPF-optimise.pdf\" target=\"_blank\"><img loading=\"lazy\" decoding=\"async\" width=\"480\" height=\"320\" src=\"https:\/\/www.francoisburgher.fr\/app\/uploads\/2020\/12\/Capture-decran-2020-10-10-a-17.45.06-480x320.jpeg\" class=\"attachment-francoisburgher-portfolio-med size-francoisburgher-portfolio-med wp-post-image\" alt=\"\" \/><\/a><\/div><div class=\" pl-4 col-xs-12 col-md-9 book-content\"><h3 class=\"book-title\"><a href=\"https:\/\/www.francoisburgher.fr\/app\/uploads\/2021\/02\/PORTUGAL-20152PPF-optimise.pdf\" target=\"_blank\">Au Portugal en 2015<\/a><\/h3>Paysages champ\u00eatres et bord de mer, bateau et poissons. Fa\u00e7ades aux couleurs vives : blanc, bleu jaune. Nature, oiseaux et fleurs. Une vision \u00e9clectique et rayonnante.<p><a href=\"https:\/\/www.francoisburgher.fr\/fr\/wp-json\/wp\/v2\/pages\/1133\/#au-portugal-en-2015\" target=\"_blank\">Copier le lien<\/a><\/p><\/div><\/div><div class=\"d-flex flex-row mb-5 book-item\"><div id=\"en-equateur\"><\/div><div class=\"align-self-center col-xs-12 col-md-3 book-thumbnail\"><a href=\"https:\/\/www.francoisburgher.fr\/app\/uploads\/2021\/02\/ECUADOR-2014-2PPF-optimise.pdf\" target=\"_blank\"><img loading=\"lazy\" decoding=\"async\" width=\"480\" height=\"320\" src=\"https:\/\/www.francoisburgher.fr\/app\/uploads\/2020\/11\/Capture-decran-2020-11-15-a-21.24.57-480x320.jpeg\" class=\"attachment-francoisburgher-portfolio-med size-francoisburgher-portfolio-med wp-post-image\" alt=\"\" \/><\/a><\/div><div class=\" pl-4 col-xs-12 col-md-9 book-content\"><h3 class=\"book-title\"><a href=\"https:\/\/www.francoisburgher.fr\/app\/uploads\/2021\/02\/ECUADOR-2014-2PPF-optimise.pdf\" target=\"_blank\">En Equateur<\/a><\/h3>Fantaisie photographique \u00e0 partir de la nature en Equateur et portraits de quelques uns de ses habitants en 2014.<p><a href=\"https:\/\/www.francoisburgher.fr\/fr\/wp-json\/wp\/v2\/pages\/1133\/#en-equateur\" target=\"_blank\">Copier le lien<\/a><\/p><\/div><\/div><div class=\"d-flex flex-row mb-5 book-item\"><div id=\"tonte-des-brebis-en-haute-loire\"><\/div><div class=\"align-self-center col-xs-12 col-md-3 book-thumbnail\"><a href=\"https:\/\/www.francoisburgher.fr\/app\/uploads\/2021\/02\/TONTE-BREBIS-20202PPF-optimise.pdf\" target=\"_blank\"><img loading=\"lazy\" decoding=\"async\" width=\"480\" height=\"320\" src=\"https:\/\/www.francoisburgher.fr\/app\/uploads\/2020\/12\/Capture-decran-2020-10-14-a-17.31.45-480x320.jpeg\" class=\"attachment-francoisburgher-portfolio-med size-francoisburgher-portfolio-med wp-post-image\" alt=\"\" \/><\/a><\/div><div class=\" pl-4 col-xs-12 col-md-9 book-content\"><h3 class=\"book-title\"><a href=\"https:\/\/www.francoisburgher.fr\/app\/uploads\/2021\/02\/TONTE-BREBIS-20202PPF-optimise.pdf\" target=\"_blank\">Tonte des brebis en Haute Loire<\/a><\/h3>Une nouvelle exp\u00e9rience hors du commun : \u00eatre accueilli \u00e0 la ferme dans la famille Besse et l'\u00e9quipe des tondeurs qui ont partag\u00e9 leur savoir faire et leur labeur, un jour de tonte des brebis dans le hameau de Mam\u00e9as Haut en Haute Loire.\r\n\r\nLe hangar, rempli par le bruit et \u00a0l'animation des hommes et des femmes, chacun \u00e0 son poste, et celle des brebis et les chiens, tous vivant la tension intense du moment. Des outils si bien rod\u00e9s, des gestes si pr\u00e9cis, si rapides, impeccablement efficaces, mais si doux et si respectueux des animaux. La laine qui tombe en moins de deux minutes, d'une seul pi\u00e8ce, que l'on empile encore et encore. Les brebis rassembl\u00e9es derri\u00e8re les barri\u00e8res, celles \u00e0 faire passer et celles d\u00e9j\u00e0 tondues. Et puis cette synergie collective si parfaitement orchestr\u00e9e, presque sans mots dire. Et enfin cette intensit\u00e9 humaine au cours du repas partag\u00e9 autour de la grande table dans la cuisine moderne.\r\n\r\nQue ces images soient un cadeaux de remerciement et de r\u00e9ciprocit\u00e9 pour ces moments de vie partag\u00e9s en toute authenticit\u00e9 !<p><a href=\"https:\/\/www.francoisburgher.fr\/fr\/wp-json\/wp\/v2\/pages\/1133\/#tonte-des-brebis-en-haute-loire\" target=\"_blank\">Copier le lien<\/a><\/p><\/div><\/div><div class=\"d-flex flex-row mb-5 book-item\"><div id=\"madagascar-en-2011-dimension-culturelle\"><\/div><div class=\"align-self-center col-xs-12 col-md-3 book-thumbnail\"><a href=\"https:\/\/www.francoisburgher.fr\/app\/uploads\/2021\/02\/Mada-culture-20112PPF-optimise.pdf\" target=\"_blank\"><img loading=\"lazy\" decoding=\"async\" width=\"480\" height=\"320\" src=\"https:\/\/www.francoisburgher.fr\/app\/uploads\/2020\/12\/Capture-decran-2020-10-07-a-21.36.56-480x320.jpeg\" class=\"attachment-francoisburgher-portfolio-med size-francoisburgher-portfolio-med wp-post-image\" alt=\"\" \/><\/a><\/div><div class=\" pl-4 col-xs-12 col-md-9 book-content\"><h3 class=\"book-title\"><a href=\"https:\/\/www.francoisburgher.fr\/app\/uploads\/2021\/02\/Mada-culture-20112PPF-optimise.pdf\" target=\"_blank\">Madagascar en 2011 : dimension culturelle<\/a><\/h3>Citadins, \u00e9leveurs, chercheurs d'or, p\u00eacheurs, commerces et habitats, toute la vivante diversit\u00e9 de l'\u00eele saisie au fil des jours...<p><a href=\"https:\/\/www.francoisburgher.fr\/fr\/wp-json\/wp\/v2\/pages\/1133\/#madagascar-en-2011-dimension-culturelle\" target=\"_blank\">Copier le lien<\/a><\/p><\/div><\/div><div class=\"d-flex flex-row mb-5 book-item\"><div id=\"surimpressionisme-2012-2-2\"><\/div><div class=\"align-self-center col-xs-12 col-md-3 book-thumbnail\"><a href=\"https:\/\/www.francoisburgher.fr\/app\/uploads\/2021\/02\/Surimpression-gris2PPF-optimise.pdf\" target=\"_blank\"><img loading=\"lazy\" decoding=\"async\" width=\"480\" height=\"320\" src=\"https:\/\/www.francoisburgher.fr\/app\/uploads\/2020\/12\/IMG_20201220_0955152500-70-web-CO21-Francois-BURGHER-photos-images-Paris-photographe-photographer-480x320.jpg\" class=\"attachment-francoisburgher-portfolio-med size-francoisburgher-portfolio-med wp-post-image\" alt=\"\" \/><\/a><\/div><div class=\" pl-4 col-xs-12 col-md-9 book-content\"><h3 class=\"book-title\"><a href=\"https:\/\/www.francoisburgher.fr\/app\/uploads\/2021\/02\/Surimpression-gris2PPF-optimise.pdf\" target=\"_blank\">Surimpressionisme 2012 (2\/2)<\/a><\/h3>Mise \u00e0 profit des possibilit\u00e9s techniques des boitier Nikon D4 puis D5. Ils permettent de r\u00e9aliser, lors de la prise de vue, une superposition d'images \u00a0(de 1 \u00e0 9 dans un d\u00e9lai maximum de 30 secondes),\u00a0directement sur le capteur.\r\nContrairement \u00e0 un travail de post-production avec des logiciels de retouche photographique, cette pratique impose une r\u00e9flexion pr\u00e9alable \u00e0 la prise de vue. On doit imp\u00e9rativement tenir compte le plus pr\u00e9cis\u00e9ment possible des param\u00e8tres suivants : \u00e9clairage g\u00e9n\u00e9ral et ponctuel, contrastes, gamme de couleurs, mouvements \u00e9ventuels de la sc\u00e8ne ou des sujets \u00e0 superposer pour obtenir un effet int\u00e9ressant, soit par addition soit par soustraction.\r\nCet exercice \"sans filet\", \u00e0 chaud, m'a passionn\u00e9 pendant plusieurs ann\u00e9es. \u00a0Voici le deuxi\u00e8me des trois recueils r\u00e9alis\u00e9s dans cet \u00e9tat d'esprit esprit.<p><a href=\"https:\/\/www.francoisburgher.fr\/fr\/wp-json\/wp\/v2\/pages\/1133\/#surimpressionisme-2012-2-2\" target=\"_blank\">Copier le lien<\/a><\/p><\/div><\/div><div class=\"d-flex flex-row mb-5 book-item\"><div id=\"san-francisco-citee-de-a-decouvrir-par-theme\"><\/div><div class=\"align-self-center col-xs-12 col-md-3 book-thumbnail\"><a href=\"https:\/\/www.francoisburgher.fr\/app\/uploads\/2021\/02\/SF-CITY-OF2PPF-optimise.pdf\" target=\"_blank\"><img loading=\"lazy\" decoding=\"async\" width=\"480\" height=\"320\" src=\"https:\/\/www.francoisburgher.fr\/app\/uploads\/2020\/12\/Capture-decran-2020-10-10-a-16.32.29-480x320.jpeg\" class=\"attachment-francoisburgher-portfolio-med size-francoisburgher-portfolio-med wp-post-image\" alt=\"\" \/><\/a><\/div><div class=\" pl-4 col-xs-12 col-md-9 book-content\"><h3 class=\"book-title\"><a href=\"https:\/\/www.francoisburgher.fr\/app\/uploads\/2021\/02\/SF-CITY-OF2PPF-optimise.pdf\" target=\"_blank\">San Francisco, cit\u00e9e de&#8230; \u00e0 d\u00e9couvrir par th\u00e8me<\/a><\/h3>SF, cit\u00e9 d'architecture, de communication, de contraste, d'art et de design, de nature, de gastronomie... SF de nuit, en \u00e9t\u00e9, sur la c\u00f4te, dans le mouvement.\r\nSF, tu m'as envout\u00e9 au cours de tant de s\u00e9jour partag\u00e9s. Apr\u00e8s ma ville natale, tu es celle que je pr\u00e9f\u00e8re au monde ! La seule dans laquelle je pourrais m'expatrier pour toujours.<p><a href=\"https:\/\/www.francoisburgher.fr\/fr\/wp-json\/wp\/v2\/pages\/1133\/#san-francisco-citee-de-a-decouvrir-par-theme\" target=\"_blank\">Copier le lien<\/a><\/p><\/div><\/div><div class=\"d-flex flex-row mb-5 book-item\"><div id=\"usa-2015-la-et-chicago\"><\/div><div class=\"align-self-center col-xs-12 col-md-3 book-thumbnail\"><a href=\"https:\/\/www.francoisburgher.fr\/app\/uploads\/2021\/02\/USA-20152PPF-optimise.pdf\" target=\"_blank\"><img loading=\"lazy\" decoding=\"async\" width=\"480\" height=\"320\" src=\"https:\/\/www.francoisburgher.fr\/app\/uploads\/2020\/12\/Capture-decran-2020-10-13-a-16.26.19-480x320.jpeg\" class=\"attachment-francoisburgher-portfolio-med size-francoisburgher-portfolio-med wp-post-image\" alt=\"\" \/><\/a><\/div><div class=\" pl-4 col-xs-12 col-md-9 book-content\"><h3 class=\"book-title\"><a href=\"https:\/\/www.francoisburgher.fr\/app\/uploads\/2021\/02\/USA-20152PPF-optimise.pdf\" target=\"_blank\">USA 2015 : LA et Chicago<\/a><\/h3>L'Am\u00e9rique comme on se l'imagine, telle qu'on la connait dans ses paysages de r\u00eave et ses architectures qui font r\u00eaver... Quelques images de Los Angeles, une approche plus d\u00e9taill\u00e9e de Chicago.<p><a href=\"https:\/\/www.francoisburgher.fr\/fr\/wp-json\/wp\/v2\/pages\/1133\/#usa-2015-la-et-chicago\" target=\"_blank\">Copier le lien<\/a><\/p><\/div><\/div><div class=\"d-flex flex-row mb-5 book-item\"><div id=\"tokyo-marche-aux-poissons-de-tsukiji\"><\/div><div class=\"align-self-center col-xs-12 col-md-3 book-thumbnail\"><a href=\"https:\/\/www.francoisburgher.fr\/app\/uploads\/2021\/02\/TOKYO-FISH-MARKET2PPF-optimise.pdf\" target=\"_blank\"><img loading=\"lazy\" decoding=\"async\" width=\"480\" height=\"320\" src=\"https:\/\/www.francoisburgher.fr\/app\/uploads\/2020\/12\/Capture-decran-2020-10-07-a-17.53.38-480x320.jpeg\" class=\"attachment-francoisburgher-portfolio-med size-francoisburgher-portfolio-med wp-post-image\" alt=\"\" \/><\/a><\/div><div class=\" pl-4 col-xs-12 col-md-9 book-content\"><h3 class=\"book-title\"><a href=\"https:\/\/www.francoisburgher.fr\/app\/uploads\/2021\/02\/TOKYO-FISH-MARKET2PPF-optimise.pdf\" target=\"_blank\">Tokyo : march\u00e9 aux poissons de Tsukiji<\/a><\/h3>L'ancien march\u00e9 aux poissons de Tokyo \u00e9tait situ\u00e9 en ville. C'est un privil\u00e8ge d'avoir pu y d\u00e9ambuler librement et d'avoir, \u00e0 deux reprises, v\u00e9cu l'ambiance sonore et visuelle de ces \u00e9troites all\u00e9es parcourues de professionnels enfi\u00e9vr\u00e9s, bord\u00e9es d'\u00e9tals si color\u00e9s et si divers, serr\u00e9s les uns sur les autres...\r\n\r\nOn comprend cependant que pour des raisons de rationalit\u00e9 et d'hygi\u00e8ne, un nouveau march\u00e9 moderne le remplace maintenant \u00e0 Toyosu. La modernit\u00e9 a rompu le charme de ce qui \u00e9tait un des lieux de vie majeur du Tokyo d'antan.<p><a href=\"https:\/\/www.francoisburgher.fr\/fr\/wp-json\/wp\/v2\/pages\/1133\/#tokyo-marche-aux-poissons-de-tsukiji\" target=\"_blank\">Copier le lien<\/a><\/p><\/div><\/div><div class=\"d-flex flex-row mb-5 book-item\"><div id=\"en-tanzanie-en-2011-1-2\"><\/div><div class=\"align-self-center col-xs-12 col-md-3 book-thumbnail\"><a href=\"https:\/\/www.francoisburgher.fr\/app\/uploads\/2021\/02\/TANZANIE-2011-12PPF-optimise.pdf\" target=\"_blank\"><img loading=\"lazy\" decoding=\"async\" width=\"480\" height=\"320\" src=\"https:\/\/www.francoisburgher.fr\/app\/uploads\/2020\/12\/Capture-decran-2020-10-07-a-20.38.30-480x320.jpeg\" class=\"attachment-francoisburgher-portfolio-med size-francoisburgher-portfolio-med wp-post-image\" alt=\"\" \/><\/a><\/div><div class=\" pl-4 col-xs-12 col-md-9 book-content\"><h3 class=\"book-title\"><a href=\"https:\/\/www.francoisburgher.fr\/app\/uploads\/2021\/02\/TANZANIE-2011-12PPF-optimise.pdf\" target=\"_blank\">En Tanzanie en 2011 (1\/2)<\/a><\/h3>Animaux dans une nature verdoyante et fleurie, ce qui est moins habituel que la vison de la savane en saison s\u00e8che.\r\n\r\nAutre facette \u00e9galement moins courante : la c\u00f4te tanzani\u00e8nne bord\u00e9e par l'oc\u00e9an indien...<p><a href=\"https:\/\/www.francoisburgher.fr\/fr\/wp-json\/wp\/v2\/pages\/1133\/#en-tanzanie-en-2011-1-2\" target=\"_blank\">Copier le lien<\/a><\/p><\/div><\/div><div class=\"d-flex flex-row mb-5 book-item\"><div id=\"un-apres-midi-a-la-defense\"><\/div><div class=\"align-self-center col-xs-12 col-md-3 book-thumbnail\"><a href=\"https:\/\/www.francoisburgher.fr\/app\/uploads\/2021\/02\/LA-DEFENSE2PPF-optimise.pdf\" target=\"_blank\"><img loading=\"lazy\" decoding=\"async\" width=\"480\" height=\"320\" src=\"https:\/\/www.francoisburgher.fr\/app\/uploads\/2020\/11\/Capture-decran-2020-11-15-a-21.41.35-480x320.jpeg\" class=\"attachment-francoisburgher-portfolio-med size-francoisburgher-portfolio-med wp-post-image\" alt=\"\" \/><\/a><\/div><div class=\" pl-4 col-xs-12 col-md-9 book-content\"><h3 class=\"book-title\"><a href=\"https:\/\/www.francoisburgher.fr\/app\/uploads\/2021\/02\/LA-DEFENSE2PPF-optimise.pdf\" target=\"_blank\">un apr\u00e8s-midi \u00e0 la D\u00e9fense<\/a><\/h3>Exercice de cr\u00e9ation en un temps : prise de vue en une seule journ\u00e9e, d\u00e9veloppement des images \u00e0 la suite et mise en page pour une \u00e9ditions rapide d'un livre\r\n\r\nLa D\u00e9fense est un quartier \u00e0 l'ouest de Paris, rassemblant essentiellement des tours de bureaux. La lumi\u00e8re \u00e9tait parfaite, les architectures modernes int\u00e9ressantes, se pr\u00eatant bien \u00e0 une pr\u00e9sentation graphique et color\u00e9e.<p><a href=\"https:\/\/www.francoisburgher.fr\/fr\/wp-json\/wp\/v2\/pages\/1133\/#un-apres-midi-a-la-defense\" target=\"_blank\">Copier le lien<\/a><\/p><\/div><\/div><div class=\"d-flex flex-row mb-5 book-item\"><div id=\"en-tanzanie-en-2011-2-2\"><\/div><div class=\"align-self-center col-xs-12 col-md-3 book-thumbnail\"><a href=\"https:\/\/www.francoisburgher.fr\/app\/uploads\/2021\/02\/TANZANIE-2011-22PPF-optimise.pdf\" target=\"_blank\"><img loading=\"lazy\" decoding=\"async\" width=\"480\" height=\"320\" src=\"https:\/\/www.francoisburgher.fr\/app\/uploads\/2020\/12\/Capture-decran-2020-10-27-a-15.54.52-480x320.jpeg\" class=\"attachment-francoisburgher-portfolio-med size-francoisburgher-portfolio-med wp-post-image\" alt=\"\" \/><\/a><\/div><div class=\" pl-4 col-xs-12 col-md-9 book-content\"><h3 class=\"book-title\"><a href=\"https:\/\/www.francoisburgher.fr\/app\/uploads\/2021\/02\/TANZANIE-2011-22PPF-optimise.pdf\" target=\"_blank\">En Tanzanie en 2011 (2\/2)<\/a><\/h3>\"Tout\" le grand bestiaire africain et quelques beau sourires avec des horizons gigantesques au soleil couchant !\r\n\r\nLion, girafes, z\u00e8bres, rhinoc\u00e9ros, gnous, hippopotames, chacals, chiens sauvages, tisserins, aigles p\u00eacheurs, crocodiles, l\u00e9opards...<p><a href=\"https:\/\/www.francoisburgher.fr\/fr\/wp-json\/wp\/v2\/pages\/1133\/#en-tanzanie-en-2011-2-2\" target=\"_blank\">Copier le lien<\/a><\/p><\/div><\/div><div class=\"d-flex flex-row mb-5 book-item\"><div id=\"milan-lexposition-universelle-de-2015\"><\/div><div class=\"align-self-center col-xs-12 col-md-3 book-thumbnail\"><a href=\"https:\/\/www.francoisburgher.fr\/app\/uploads\/2021\/02\/MILANO-FERIA-20152PPF-optimise.pdf\" target=\"_blank\"><img loading=\"lazy\" decoding=\"async\" width=\"480\" height=\"320\" src=\"https:\/\/www.francoisburgher.fr\/app\/uploads\/2020\/12\/Capture-decran-2020-10-13-a-16.21.45-480x320.jpeg\" class=\"attachment-francoisburgher-portfolio-med size-francoisburgher-portfolio-med wp-post-image\" alt=\"\" \/><\/a><\/div><div class=\" pl-4 col-xs-12 col-md-9 book-content\"><h3 class=\"book-title\"><a href=\"https:\/\/www.francoisburgher.fr\/app\/uploads\/2021\/02\/MILANO-FERIA-20152PPF-optimise.pdf\" target=\"_blank\">Milan : l&rsquo;exposition universelle de 2015<\/a><\/h3>Ce que la diversit\u00e9 de l'architecture et de la d\u00e9coration des pavillons m'a inspir\u00e9 comme bouquet d'images<p><a href=\"https:\/\/www.francoisburgher.fr\/fr\/wp-json\/wp\/v2\/pages\/1133\/#milan-lexposition-universelle-de-2015\" target=\"_blank\">Copier le lien<\/a><\/p><\/div><\/div><\/div><\/div><\/div>[\/vc_column_text][\/vc_column][\/vc_row]<\/p>\n<\/div>","protected":false},"excerpt":{"rendered":"<p>[vc_row css=\u00a0\u00bb.vc_custom_1609848806955{padding-top: 100px !important;padding-bottom: 50px !important;}\u00a0\u00bb][vc_column][vc_column_text] Bouquins [\/vc_column_text][\/vc_column][\/vc_row][vc_row][vc_column][vc_column_text] \u00a0A noter que l\u2019ensemble des livres publi\u00e9s se pr\u00e9sente dans un ordre al\u00e9atoire \u00e0 l\u2019ouverture de la rubrique \u00ab \u00a0bouquins \u00bb pour favoriser le hasard d&rsquo;une d\u00e9couverte diff\u00e9rente \u00e0 chaque visite.\u00a0L\u2019ascenseur sur la droite de l\u2019\u00e9cran permet de parcourir l\u2019ensemble de la collection. Pour des raisons techniques, [&hellip;]<\/p>\n","protected":false},"author":1,"featured_media":0,"parent":0,"menu_order":300,"comment_status":"closed","ping_status":"closed","template":"","meta":{"_acf_changed":false,"footnotes":""},"class_list":["post-1133","page","type-page","status-publish","hentry"],"acf":[],"yoast_head":"<!-- This site is optimized with the Yoast SEO plugin v27.3 - https:\/\/yoast.com\/product\/yoast-seo-wordpress\/ -->\n<title>Bouquins - Fran\u00e7ois Burgher<\/title>\n<meta name=\"robots\" content=\"index, follow, max-snippet:-1, max-image-preview:large, max-video-preview:-1\" \/>\n<link rel=\"canonical\" href=\"https:\/\/www.francoisburgher.fr\/fr\/bouquins\/\" \/>\n<meta property=\"og:locale\" content=\"fr_FR\" \/>\n<meta property=\"og:type\" content=\"article\" \/>\n<meta property=\"og:title\" content=\"Bouquins - Fran\u00e7ois Burgher\" \/>\n<meta property=\"og:description\" content=\"[vc_row css=\u00a0\u00bb.vc_custom_1609848806955{padding-top: 100px !important;padding-bottom: 50px !important;}\u00a0\u00bb][vc_column][vc_column_text] Bouquins [\/vc_column_text][\/vc_column][\/vc_row][vc_row][vc_column][vc_column_text] \u00a0A noter que l\u2019ensemble des livres publi\u00e9s se pr\u00e9sente dans un ordre al\u00e9atoire \u00e0 l\u2019ouverture de la rubrique \u00ab \u00a0bouquins \u00bb pour favoriser le hasard d&rsquo;une d\u00e9couverte diff\u00e9rente \u00e0 chaque visite.\u00a0L\u2019ascenseur sur la droite de l\u2019\u00e9cran permet de parcourir l\u2019ensemble de la collection. Pour des raisons techniques, [&hellip;]\" \/>\n<meta property=\"og:url\" content=\"https:\/\/www.francoisburgher.fr\/fr\/bouquins\/\" \/>\n<meta property=\"og:site_name\" content=\"Fran\u00e7ois Burgher\" \/>\n<meta property=\"article:modified_time\" content=\"2021-02-14T10:39:24+00:00\" \/>\n<meta name=\"twitter:card\" content=\"summary_large_image\" \/>\n<meta name=\"twitter:label1\" content=\"Est. reading time\" \/>\n\t<meta name=\"twitter:data1\" content=\"1 minute\" \/>\n<script type=\"application\/ld+json\" class=\"yoast-schema-graph\">{\"@context\":\"https:\\\/\\\/schema.org\",\"@graph\":[{\"@type\":\"WebPage\",\"@id\":\"https:\\\/\\\/www.francoisburgher.fr\\\/fr\\\/bouquins\\\/\",\"url\":\"https:\\\/\\\/www.francoisburgher.fr\\\/fr\\\/bouquins\\\/\",\"name\":\"Bouquins - Fran\u00e7ois Burgher\",\"isPartOf\":{\"@id\":\"https:\\\/\\\/www.francoisburgher.fr\\\/fr\\\/#website\"},\"datePublished\":\"2019-06-21T16:36:34+00:00\",\"dateModified\":\"2021-02-14T10:39:24+00:00\",\"breadcrumb\":{\"@id\":\"https:\\\/\\\/www.francoisburgher.fr\\\/fr\\\/bouquins\\\/#breadcrumb\"},\"inLanguage\":\"fr-FR\",\"potentialAction\":[{\"@type\":\"ReadAction\",\"target\":[\"https:\\\/\\\/www.francoisburgher.fr\\\/fr\\\/bouquins\\\/\"]}]},{\"@type\":\"BreadcrumbList\",\"@id\":\"https:\\\/\\\/www.francoisburgher.fr\\\/fr\\\/bouquins\\\/#breadcrumb\",\"itemListElement\":[{\"@type\":\"ListItem\",\"position\":1,\"name\":\"Home\",\"item\":\"https:\\\/\\\/www.francoisburgher.fr\\\/fr\\\/\"},{\"@type\":\"ListItem\",\"position\":2,\"name\":\"Bouquins\"}]},{\"@type\":\"WebSite\",\"@id\":\"https:\\\/\\\/www.francoisburgher.fr\\\/fr\\\/#website\",\"url\":\"https:\\\/\\\/www.francoisburgher.fr\\\/fr\\\/\",\"name\":\"Fran\u00e7ois Burgher\",\"description\":\"Un site utilisant WordPress\",\"potentialAction\":[{\"@type\":\"SearchAction\",\"target\":{\"@type\":\"EntryPoint\",\"urlTemplate\":\"https:\\\/\\\/www.francoisburgher.fr\\\/fr\\\/?s={search_term_string}\"},\"query-input\":{\"@type\":\"PropertyValueSpecification\",\"valueRequired\":true,\"valueName\":\"search_term_string\"}}],\"inLanguage\":\"fr-FR\"}]}<\/script>\n<!-- \/ Yoast SEO plugin. -->","yoast_head_json":{"title":"Bouquins - Fran\u00e7ois Burgher","robots":{"index":"index","follow":"follow","max-snippet":"max-snippet:-1","max-image-preview":"max-image-preview:large","max-video-preview":"max-video-preview:-1"},"canonical":"https:\/\/www.francoisburgher.fr\/fr\/bouquins\/","og_locale":"fr_FR","og_type":"article","og_title":"Bouquins - Fran\u00e7ois Burgher","og_description":"[vc_row css=\u00a0\u00bb.vc_custom_1609848806955{padding-top: 100px !important;padding-bottom: 50px !important;}\u00a0\u00bb][vc_column][vc_column_text] Bouquins [\/vc_column_text][\/vc_column][\/vc_row][vc_row][vc_column][vc_column_text] \u00a0A noter que l\u2019ensemble des livres publi\u00e9s se pr\u00e9sente dans un ordre al\u00e9atoire \u00e0 l\u2019ouverture de la rubrique \u00ab \u00a0bouquins \u00bb pour favoriser le hasard d&rsquo;une d\u00e9couverte diff\u00e9rente \u00e0 chaque visite.\u00a0L\u2019ascenseur sur la droite de l\u2019\u00e9cran permet de parcourir l\u2019ensemble de la collection. Pour des raisons techniques, [&hellip;]","og_url":"https:\/\/www.francoisburgher.fr\/fr\/bouquins\/","og_site_name":"Fran\u00e7ois Burgher","article_modified_time":"2021-02-14T10:39:24+00:00","twitter_card":"summary_large_image","twitter_misc":{"Est. reading time":"1 minute"},"schema":{"@context":"https:\/\/schema.org","@graph":[{"@type":"WebPage","@id":"https:\/\/www.francoisburgher.fr\/fr\/bouquins\/","url":"https:\/\/www.francoisburgher.fr\/fr\/bouquins\/","name":"Bouquins - Fran\u00e7ois Burgher","isPartOf":{"@id":"https:\/\/www.francoisburgher.fr\/fr\/#website"},"datePublished":"2019-06-21T16:36:34+00:00","dateModified":"2021-02-14T10:39:24+00:00","breadcrumb":{"@id":"https:\/\/www.francoisburgher.fr\/fr\/bouquins\/#breadcrumb"},"inLanguage":"fr-FR","potentialAction":[{"@type":"ReadAction","target":["https:\/\/www.francoisburgher.fr\/fr\/bouquins\/"]}]},{"@type":"BreadcrumbList","@id":"https:\/\/www.francoisburgher.fr\/fr\/bouquins\/#breadcrumb","itemListElement":[{"@type":"ListItem","position":1,"name":"Home","item":"https:\/\/www.francoisburgher.fr\/fr\/"},{"@type":"ListItem","position":2,"name":"Bouquins"}]},{"@type":"WebSite","@id":"https:\/\/www.francoisburgher.fr\/fr\/#website","url":"https:\/\/www.francoisburgher.fr\/fr\/","name":"Fran\u00e7ois Burgher","description":"Un site utilisant WordPress","potentialAction":[{"@type":"SearchAction","target":{"@type":"EntryPoint","urlTemplate":"https:\/\/www.francoisburgher.fr\/fr\/?s={search_term_string}"},"query-input":{"@type":"PropertyValueSpecification","valueRequired":true,"valueName":"search_term_string"}}],"inLanguage":"fr-FR"}]}},"_links":{"self":[{"href":"https:\/\/www.francoisburgher.fr\/fr\/wp-json\/wp\/v2\/pages\/1133","targetHints":{"allow":["GET"]}}],"collection":[{"href":"https:\/\/www.francoisburgher.fr\/fr\/wp-json\/wp\/v2\/pages"}],"about":[{"href":"https:\/\/www.francoisburgher.fr\/fr\/wp-json\/wp\/v2\/types\/page"}],"author":[{"embeddable":true,"href":"https:\/\/www.francoisburgher.fr\/fr\/wp-json\/wp\/v2\/users\/1"}],"replies":[{"embeddable":true,"href":"https:\/\/www.francoisburgher.fr\/fr\/wp-json\/wp\/v2\/comments?post=1133"}],"version-history":[{"count":5,"href":"https:\/\/www.francoisburgher.fr\/fr\/wp-json\/wp\/v2\/pages\/1133\/revisions"}],"predecessor-version":[{"id":8407,"href":"https:\/\/www.francoisburgher.fr\/fr\/wp-json\/wp\/v2\/pages\/1133\/revisions\/8407"}],"wp:attachment":[{"href":"https:\/\/www.francoisburgher.fr\/fr\/wp-json\/wp\/v2\/media?parent=1133"}],"curies":[{"name":"wp","href":"https:\/\/api.w.org\/{rel}","templated":true}]}}